{"id":397,"date":"2022-02-22T16:56:26","date_gmt":"2022-02-22T19:56:26","guid":{"rendered":"http:\/\/boletimwinnicottnobrasil.dwwe.com.br\/1\/?page_id=397"},"modified":"2025-02-21T17:06:39","modified_gmt":"2025-02-21T20:06:39","slug":"brasil","status":"publish","type":"page","link":"https:\/\/boletimwinnicottnobrasil.dwwe.com.br\/edicao2024\/brasil\/","title":{"rendered":"Brasil"},"content":{"rendered":"\t\t<div data-elementor-type=\"wp-page\" data-elementor-id=\"397\" class=\"elementor elementor-397\">\n\t\t\t\t\t\t<section class=\"elementor-section elementor-top-section elementor-element elementor-element-3f27cd0 elementor-section-full_width elementor-section-height-default elementor-section-height-default\" data-id=\"3f27cd0\" data-element_type=\"section\">\n\t\t\t\t\t\t<div class=\"elementor-container elementor-column-gap-default\">\n\t\t\t\t\t<div class=\"elementor-column elementor-col-100 elementor-top-column elementor-element elementor-element-dbc5d56\" data-id=\"dbc5d56\" data-element_type=\"column\">\n\t\t\t<div class=\"elementor-widget-wrap elementor-element-populated\">\n\t\t\t\t\t\t<section class=\"elementor-section elementor-inner-section elementor-element elementor-element-be60a10 elementor-section-boxed elementor-section-height-default elementor-section-height-default\" data-id=\"be60a10\" data-element_type=\"section\">\n\t\t\t\t\t\t<div class=\"elementor-container elementor-column-gap-default\">\n\t\t\t\t\t<div class=\"elementor-column elementor-col-33 elementor-inner-column elementor-element elementor-element-6f5fe7b\" data-id=\"6f5fe7b\" data-element_type=\"column\">\n\t\t\t<div class=\"elementor-widget-wrap elementor-element-populated\">\n\t\t\t\t\t\t<div class=\"elementor-element elementor-element-41520a7 elementor-widget elementor-widget-shortcode\" data-id=\"41520a7\" data-element_type=\"widget\" data-widget_type=\"shortcode.default\">\n\t\t\t\t<div class=\"elementor-widget-container\">\n\t\t\t\t\t\t\t<div class=\"elementor-shortcode\">    <button class=\"btn btn-primary\" id=\"OpenMenu\">\u00cdNDICE<\/button>\n    <div class=\"offcanvas offcanvas-start\" data-bs-scroll=\"true\" data-bs-backdrop=\"false\" tabindex=\"-1\" id=\"offcanvasExample\" aria-labelledby=\"offcanvasExampleLabel\">\n        <div class=\"offcanvas-header\">\n            <h5 class=\"offcanvas-title text-primary\" id=\"offcanvasExampleLabel\">\u00cdNDICE<\/h5>\n            <button type=\"button\" class=\"btn-close text-reset\" data-bs-dismiss=\"offcanvas\" aria-label=\"Close\"><\/button>\n        <\/div>\n        <div class=\"offcanvas-body\">\n                                <dt>Ensino<\/dt>\n                                            <dd><button class=\"btn btn-link\" data-bs-dismiss=\"offcanvas\" style=\"border: none; text-align: left; text-decoration: none;\"><a href=\"#brasil-ensino\">Curso: Winnicott - Experi\u00eancia e Pensamento<\/a><\/button><\/dd>\n                                                <dd><button class=\"btn btn-link\" data-bs-dismiss=\"offcanvas\" style=\"border: none; text-align: left; text-decoration: none;\"><a href=\"#brasil-ensino\">Semin\u00e1rio te\u00f3rico: Paradigma existencial e fenomenol\u00f3gico da teoria winnicottiana e suas consequ\u00eancias cl\u00ednicas<\/a><\/button><\/dd>\n                                                <dd><button class=\"btn btn-link\" data-bs-dismiss=\"offcanvas\" style=\"border: none; text-align: left; text-decoration: none;\"><a href=\"#brasil-ensino\">Semin\u00e1rio: Revisitando Winnicott - a quest\u00e3o do \"lugar\" como v\u00e9rtice de leitura da obra winnicottiana<\/a><\/button><\/dd>\n                                                <dd><button class=\"btn btn-link\" data-bs-dismiss=\"offcanvas\" style=\"border: none; text-align: left; text-decoration: none;\"><a href=\"#brasil-ensino\">Semin\u00e1rio te\u00f3rico: Revisitando a teoria winnicottiana com Masud Khan e Christopher Bollas<\/a><\/button><\/dd>\n                                                <dd><button class=\"btn btn-link\" data-bs-dismiss=\"offcanvas\" style=\"border: none; text-align: left; text-decoration: none;\"><a href=\"#brasil-ensino\">Semin\u00e1rio te\u00f3rico: Winnicott e a cl\u00ednica psicanal\u00edtica das psicoses - lendo <i>Holding e Interpreta\u00e7\u00e3o: fragmentos de uma an\u00e1lise<\/i><\/a><\/button><\/dd>\n                                                <dd><button class=\"btn btn-link\" data-bs-dismiss=\"offcanvas\" style=\"border: none; text-align: left; text-decoration: none;\"><a href=\"#brasil-ensino\">Semin\u00e1rio tem\u00e1tico: perspectivas do brincar em Freud, Klein e Winnicott<\/a><\/button><\/dd>\n                                                <dd><button class=\"btn btn-link\" data-bs-dismiss=\"offcanvas\" style=\"border: none; text-align: left; text-decoration: none;\"><a href=\"#brasil-ensino\">Reuni\u00e3o tem\u00e1tica: a quest\u00e3o da contratransfer\u00eancia na psican\u00e1lise<\/a><\/button><\/dd>\n                                                <dd><button class=\"btn btn-link\" data-bs-dismiss=\"offcanvas\" style=\"border: none; text-align: left; text-decoration: none;\"><a href=\"#brasil-ensino\">Curso on-line: Winnicott: g\u00eanese e teoria da transicionalidade<\/a><\/button><\/dd>\n                                                <dd><button class=\"btn btn-link\" data-bs-dismiss=\"offcanvas\" style=\"border: none; text-align: left; text-decoration: none;\"><a href=\"#brasil-ensino\">N\u00facleo de Forma\u00e7\u00e3o Permanente: Psican\u00e1lise e Psicoses \u2013 1\u00ba semestre<\/a><\/button><\/dd>\n                                                <dd><button class=\"btn btn-link\" data-bs-dismiss=\"offcanvas\" style=\"border: none; text-align: left; text-decoration: none;\"><a href=\"#brasil-ensino\">Palestra: A cl\u00ednica das psicoses na abordagem de Winnicott \u2013 um estudo de caso<\/a><\/button><\/dd>\n                                            <dt>Eventos<\/dt>\n                                            <dd><button class=\"btn btn-link\" data-bs-dismiss=\"offcanvas\" style=\"border: none; text-align: left; text-decoration: none;\"><a href=\"#brasil-eventos\">Encontro \"Ang\u00fastia e Fantasia: di\u00e1logos entre Klein e Winnicott\"<\/a><\/button><\/dd>\n                                            <dt>Not\u00edcias Editoriais<\/dt>\n                                            <dd><button class=\"btn btn-link\" data-bs-dismiss=\"offcanvas\" style=\"border: none; text-align: left; text-decoration: none;\"><a href=\"#brasil-noticias-editorias\">Leopoldo Fulgencio e Lygia Vampr\u00e9 Humberg, Desenvolvimento emocional e pr\u00e1tica psicoter\u00e1pica na perspectiva psicanal\u00edtica de D. W. Winnicott<\/a><\/button><\/dd>\n                                <\/div>\n    <\/div>\n    <\/div>\n\t\t\t\t\t\t<\/div>\n\t\t\t\t<\/div>\n\t\t\t\t\t<\/div>\n\t\t<\/div>\n\t\t\t\t<div class=\"elementor-column elementor-col-66 elementor-inner-column elementor-element elementor-element-a8cd92f\" data-id=\"a8cd92f\" data-element_type=\"column\">\n\t\t\t<div class=\"elementor-widget-wrap elementor-element-populated\">\n\t\t\t\t\t\t<div class=\"elementor-element elementor-element-c439e58 elementor-widget elementor-widget-text-editor\" data-id=\"c439e58\" data-element_type=\"widget\" data-widget_type=\"text-editor.default\">\n\t\t\t\t<div class=\"elementor-widget-container\">\n\t\t\t\t\t\t\t\t\t<p style=\"text-align: justify;\"><span style=\"color: #000000;\">Winnicott \u00e9 hoje um dos terapeutas, vale dizer, um dos facilitadores da condi\u00e7\u00e3o humana, mais procurados no Brasil, o que \u00e9 revelado pelo grande e crescente volume de atividades dedicadas ao seu pensamento revolucion\u00e1rio e suas pr\u00e1ticas inovadoras. Nessa sess\u00e3o, o BOLETIM se prop\u00f5e noticiar essa efervesc\u00eancia e contribuir para que ela seja melhor conhecida tanto pelos especialistas, como p\u00fablico em geral.<\/span><\/p>\t\t\t\t\t\t\t\t<\/div>\n\t\t\t\t<\/div>\n\t\t\t\t\t<\/div>\n\t\t<\/div>\n\t\t\t\t\t<\/div>\n\t\t<\/section>\n\t\t\t\t\t<\/div>\n\t\t<\/div>\n\t\t\t\t\t<\/div>\n\t\t<\/section>\n\t\t\t\t<div class=\"elementor-section elementor-top-section elementor-element elementor-element-28587c7 div-artigo elementor-section-boxed elementor-section-height-default elementor-section-height-default\" data-id=\"28587c7\" data-element_type=\"section\" data-settings=\"{&quot;background_background&quot;:&quot;classic&quot;}\">\n\t\t\t\t\t\t<div class=\"elementor-container elementor-column-gap-default\">\n\t\t\t\t\t<div class=\"elementor-column elementor-col-100 elementor-top-column elementor-element elementor-element-6dd3dc5\" data-id=\"6dd3dc5\" data-element_type=\"column\">\n\t\t\t<div class=\"elementor-widget-wrap elementor-element-populated\">\n\t\t\t\t\t\t<section class=\"elementor-section elementor-inner-section elementor-element elementor-element-b62d1ea elementor-section-boxed elementor-section-height-default elementor-section-height-default\" data-id=\"b62d1ea\" data-element_type=\"section\">\n\t\t\t\t\t\t<div class=\"elementor-container elementor-column-gap-default\">\n\t\t\t\t\t<div class=\"elementor-column elementor-col-100 elementor-inner-column elementor-element elementor-element-435b64f\" data-id=\"435b64f\" data-element_type=\"column\">\n\t\t\t<div class=\"elementor-widget-wrap elementor-element-populated\">\n\t\t\t\t\t\t<div class=\"elementor-element elementor-element-4495122 elementor-widget elementor-widget-shortcode\" data-id=\"4495122\" data-element_type=\"widget\" data-widget_type=\"shortcode.default\">\n\t\t\t\t<div class=\"elementor-widget-container\">\n\t\t\t\t\t\t\t<div class=\"elementor-shortcode\">        <div class=\"accordion accordion-boletim\" id=\"accordionExample\">\n            <div class=\"accordion-item\">\n                <button class=\"accordion-button collapsed\" type=\"button\" data-bs-toggle=\"collapse\" data-bs-target=\"#collapse_artigos\" aria-expanded=\"false\" aria-controls=\"collapse_artigos\">\n                    <h2 class=\"accordion-header\" style=\"\n                    color:#e1c933;\n                    background-color:#ffffff;\n                    padding: 10px;\n                    width: max-content;\n                    font-family: Roboto;\"\n                    id=\"brasil-artigos\">\n                    Artigos                <\/h2>\n            <\/button>\n            <div id=\"collapse_artigos\" class=\"accordion-collapse collapse\" aria-labelledby=\"brasil-artigos\" data-bs-parent=\"#accordionExample\">\n                <div class=\"accordion-body\">\n                    <p style=\"text-align: justify;\"><span style=\"font-weight: 400;\">Winnicott vem despertando interesse crescente de um grande n\u00famero de estudiosos, psicanalistas e profissionais da \u00e1rea da sa\u00fade no Brasil e no mundo. A Se\u00e7\u00e3o Artigos da \u00c1rea Brasil do BOLETIM \u00e9 um espa\u00e7o para divulga\u00e7\u00e3o de textos acad\u00eamicos e cient\u00edficos realizados por pesquisadores brasileiros, a respeito de amplo espectro de temas, como: 1) a hist\u00f3ria da pesquisa e pr\u00e1tica de Winnicott como pediatra, psicanalista e psiquiatra infantil e a hist\u00f3ria do desenvolvimento de seu pensamento; 2) o estatuto de sua obra nos campos da psican\u00e1lise, pediatria, psiquiatra infantil e outras \u00e1reas da sa\u00fade; 3) os resultados te\u00f3ricos e cl\u00ednicos de sua longa e prof\u00edcua pesquisa e atua\u00e7\u00e3o nas diversas \u00e1reas da sa\u00fade; 4) a an\u00e1lise de seus casos e vinhetas cl\u00ednicas; e 5) a aplicabilidade de sua teoria do amadurecimento e de sua teoria da experi\u00eancia cultural como eixos para reflex\u00e3o sobre temas atuais.<\/span><\/p>\n                <\/div>\n            <\/div>\n        <\/div>\n            <\/div>\n            <div class=\"accordion accordion-boletim\" id=\"accordionExample\">\n            <div class=\"accordion-item\">\n                <button class=\"accordion-button collapsed\" type=\"button\" data-bs-toggle=\"collapse\" data-bs-target=\"#collapse_dossies\" aria-expanded=\"false\" aria-controls=\"collapse_dossies\">\n                    <h2 class=\"accordion-header\" style=\"\n                    color:#e1c933;\n                    background-color:#ffffff;\n                    padding: 10px;\n                    width: max-content;\n                    font-family: Roboto;\"\n                    id=\"brasil-dossies\">\n                    Dossi\u00eas                <\/h2>\n            <\/button>\n            <div id=\"collapse_dossies\" class=\"accordion-collapse collapse\" aria-labelledby=\"brasil-dossies\" data-bs-parent=\"#accordionExample\">\n                <div class=\"accordion-body\">\n                    <p>Na sess\u00e3o Dossi\u00eas, o Boletim publica conjunto de textos dedicados ao estudo de um tema ou de um autor.<\/p>\n                <\/div>\n            <\/div>\n        <\/div>\n            <\/div>\n            <div class=\"accordion accordion-boletim\" id=\"accordionExample\">\n            <div class=\"accordion-item\">\n                <button class=\"accordion-button collapsed\" type=\"button\" data-bs-toggle=\"collapse\" data-bs-target=\"#collapse_resenhas\" aria-expanded=\"false\" aria-controls=\"collapse_resenhas\">\n                    <h2 class=\"accordion-header\" style=\"\n                    color:#e1c933;\n                    background-color:#ffffff;\n                    padding: 10px;\n                    width: max-content;\n                    font-family: Roboto;\"\n                    id=\"brasil-resenhas\">\n                    Resenhas                <\/h2>\n            <\/button>\n            <div id=\"collapse_resenhas\" class=\"accordion-collapse collapse\" aria-labelledby=\"brasil-resenhas\" data-bs-parent=\"#accordionExample\">\n                <div class=\"accordion-body\">\n                    <p style=\"text-align: justify;\">A Se\u00e7\u00e3o Resenhas \u00e9 um espa\u00e7o para divulga\u00e7\u00e3o de an\u00e1lises cr\u00edticas de publica\u00e7\u00f5es de livros de D. W. Winnicott na l\u00edngua portuguesa e de publica\u00e7\u00f5es de outros autores sobre seu pensamento e sua obra. Visamos criar um repert\u00f3rio de reflex\u00f5es sobre 1) a precis\u00e3o e a qualidade das tradu\u00e7\u00f5es; 2) as implica\u00e7\u00f5es te\u00f3ricas da escolha de termos da l\u00edngua portuguesa ou da tradi\u00e7\u00e3o psicanal\u00edtica, para a tradu\u00e7\u00e3o dos conceitos de Winnicott; 3) a qualidade e adequa\u00e7\u00e3o dos textos de apresenta\u00e7\u00e3o em pref\u00e1cios, contracapas e orelhas; 4) a qualidade est\u00e9tica e adequa\u00e7\u00e3o das capas; e 5) o projeto e o trabalho editorial como um todo. No caso de livros de outros autores, a resenha cr\u00edtica se prestar\u00e1 tamb\u00e9m a analisar a precis\u00e3o cient\u00edfica dos textos, com a finalidade de aprimoramento da qualidade das publica\u00e7\u00f5es sobre a teoria e a cl\u00ednica Winnicottiana no Brasil e no mundo.<\/p>\n                <\/div>\n            <\/div>\n        <\/div>\n            <\/div>\n            <div class=\"accordion accordion-boletim\" id=\"accordionExample\">\n            <div class=\"accordion-item\">\n                <button class=\"accordion-button collapsed\" type=\"button\" data-bs-toggle=\"collapse\" data-bs-target=\"#collapse_notas\" aria-expanded=\"false\" aria-controls=\"collapse_notas\">\n                    <h2 class=\"accordion-header\" style=\"\n                    color:#e1c933;\n                    background-color:#ffffff;\n                    padding: 10px;\n                    width: max-content;\n                    font-family: Roboto;\"\n                    id=\"brasil-notas\">\n                    Notas                <\/h2>\n            <\/button>\n            <div id=\"collapse_notas\" class=\"accordion-collapse collapse\" aria-labelledby=\"brasil-notas\" data-bs-parent=\"#accordionExample\">\n                <div class=\"accordion-body\">\n                    <p style=\"text-align: justify;\">A Se\u00e7\u00e3o Notas \u00e9 um espa\u00e7o para divulga\u00e7\u00e3o de textos breves, que esbo\u00e7am ou articulam um conceito, uma tese ou uma teoria no campo de estudos winnicottianos.<\/p>\n                <\/div>\n            <\/div>\n        <\/div>\n            <\/div>\n            <div class=\"accordion accordion-boletim\" id=\"accordionExample\">\n            <div class=\"accordion-item\">\n                <button class=\"accordion-button collapsed\" type=\"button\" data-bs-toggle=\"collapse\" data-bs-target=\"#collapse_comentarios\" aria-expanded=\"false\" aria-controls=\"collapse_comentarios\">\n                    <h2 class=\"accordion-header\" style=\"\n                    color:#e1c933;\n                    background-color:#ffffff;\n                    padding: 10px;\n                    width: max-content;\n                    font-family: Roboto;\"\n                    id=\"brasil-comentarios\">\n                    Coment\u00e1rios                <\/h2>\n            <\/button>\n            <div id=\"collapse_comentarios\" class=\"accordion-collapse collapse\" aria-labelledby=\"brasil-comentarios\" data-bs-parent=\"#accordionExample\">\n                <div class=\"accordion-body\">\n                    <p style=\"text-align: justify;\">A Se\u00e7\u00e3o Coment\u00e1rios \u00e9 um espa\u00e7o para divulga\u00e7\u00e3o de textos breves, propostos como explicita\u00e7\u00f5es e articula\u00e7\u00f5es de conceitos, teses ou teorias no campo de estudos winnicottianos.<\/p>\n                <\/div>\n            <\/div>\n        <\/div>\n            <\/div>\n            <div class=\"accordion accordion-boletim\" id=\"accordionExample\">\n            <div class=\"accordion-item\">\n                <button class=\"accordion-button collapsed\" type=\"button\" data-bs-toggle=\"collapse\" data-bs-target=\"#collapse_discussoes\" aria-expanded=\"false\" aria-controls=\"collapse_discussoes\">\n                    <h2 class=\"accordion-header\" style=\"\n                    color:#e1c933;\n                    background-color:#ffffff;\n                    padding: 10px;\n                    width: max-content;\n                    font-family: Roboto;\"\n                    id=\"brasil-discussoes\">\n                    Discuss\u00f5es                <\/h2>\n            <\/button>\n            <div id=\"collapse_discussoes\" class=\"accordion-collapse collapse\" aria-labelledby=\"brasil-discussoes\" data-bs-parent=\"#accordionExample\">\n                <div class=\"accordion-body\">\n                    <p style=\"text-align: justify;\"><span style=\"font-weight: 400;\">A Se\u00e7\u00e3o Discuss\u00f5es \u00e9 um espa\u00e7o para divulga\u00e7\u00e3o de observa\u00e7\u00f5es cr\u00edticas sobre teses de outros autores ou mesmo sobre as pr\u00f3prias (\u201cautorrevis\u00e3o\u201d ou \u201cretrata\u00e7\u00e3o\u201d), bem como debates entre autores, no campo de estudos winnicottianos.<\/span><\/p>\n                <\/div>\n            <\/div>\n        <\/div>\n            <\/div>\n            <div class=\"accordion accordion-boletim\" id=\"accordionExample\">\n            <div class=\"accordion-item\">\n                <button class=\"accordion-button collapsed\" type=\"button\" data-bs-toggle=\"collapse\" data-bs-target=\"#collapse_entrevistas\" aria-expanded=\"false\" aria-controls=\"collapse_entrevistas\">\n                    <h2 class=\"accordion-header\" style=\"\n                    color:#e1c933;\n                    background-color:#ffffff;\n                    padding: 10px;\n                    width: max-content;\n                    font-family: Roboto;\"\n                    id=\"brasil-entrevistas\">\n                    Entrevistas                <\/h2>\n            <\/button>\n            <div id=\"collapse_entrevistas\" class=\"accordion-collapse collapse\" aria-labelledby=\"brasil-entrevistas\" data-bs-parent=\"#accordionExample\">\n                <div class=\"accordion-body\">\n                    <p style=\"text-align: justify;\">As entrevistas desta Se\u00e7\u00e3o t\u00eam por objetivo dar visibilidade aos trabalhos realizados por pesquisadores winnicottianos que pertencem \u00e0s \u00c1reas cobertas pelo BOLETIM. Elas possibilitar\u00e3o que os leitores conhe\u00e7am suas trajet\u00f3rias intelectuais, resultados e trabalhos em andamento. As entrevistas tamb\u00e9m visam a incentivar novos pesquisadores a se envolverem com esse tipo de atividade intelectual.<\/p>\n                <\/div>\n            <\/div>\n        <\/div>\n            <\/div>\n            <div class=\"accordion accordion-boletim\" id=\"accordionExample\">\n            <div class=\"accordion-item\">\n                <button class=\"accordion-button collapsed\" type=\"button\" data-bs-toggle=\"collapse\" data-bs-target=\"#collapse_autobiografias\" aria-expanded=\"false\" aria-controls=\"collapse_autobiografias\">\n                    <h2 class=\"accordion-header\" style=\"\n                    color:#e1c933;\n                    background-color:#ffffff;\n                    padding: 10px;\n                    width: max-content;\n                    font-family: Roboto;\"\n                    id=\"brasil-autobiografias\">\n                    Autobiografias                <\/h2>\n            <\/button>\n            <div id=\"collapse_autobiografias\" class=\"accordion-collapse collapse\" aria-labelledby=\"brasil-autobiografias\" data-bs-parent=\"#accordionExample\">\n                <div class=\"accordion-body\">\n                    <p style=\"text-align: justify;\">Para esta Se\u00e7\u00e3o, aguardamos autobiografias intelectuais, que descrevam linhas de pesquisa, resultados e desenvolvimentos futuros na \u00e1rea de estudos winnicottianos. N\u00e3o ser\u00e3o publicadas autobiografias pessoais, referentes a dados da vida privada, tampouco autobiografias institucionais, apresentando um curr\u00edculo no formato exigido pelas institui\u00e7\u00f5es acad\u00eamicas.<\/p>\n                <\/div>\n            <\/div>\n        <\/div>\n            <\/div>\n            <div class=\"accordion accordion-boletim\" id=\"accordionExample\">\n            <div class=\"accordion-item\">\n                <button class=\"accordion-button collapsed\" type=\"button\" data-bs-toggle=\"collapse\" data-bs-target=\"#collapse_ensino\" aria-expanded=\"false\" aria-controls=\"collapse_ensino\">\n                    <h2 class=\"accordion-header\" style=\"\n                    color:#e1c933;\n                    background-color:#ffffff;\n                    padding: 10px;\n                    width: max-content;\n                    font-family: Roboto;\"\n                    id=\"brasil-ensino\">\n                    Ensino                <\/h2>\n            <\/button>\n            <div id=\"collapse_ensino\" class=\"accordion-collapse collapse\" aria-labelledby=\"brasil-ensino\" data-bs-parent=\"#accordionExample\">\n                <div class=\"accordion-body\">\n                    <p style=\"text-align: justify;\"><span style=\"font-weight: 400;\">Esta Se\u00e7\u00e3o \u00e9 um local para a apresenta\u00e7\u00e3o de cursos, semin\u00e1rios, supervis\u00f5es cl\u00ednicas e outras atividades de ensino desenvolvidas.\u00a0 Pretendemos, dessa forma, fomentar a troca de ideias entre professores e estudiosos de Winnicott e incentivar interessados a se filiarem \u00e0s escolas winnicottianas.\u00a0<\/span><\/p>\n                <\/div>\n            <\/div>\n        <\/div>\n                    <div class=\"container\">\n                <div class=\"row\">\n                    <div class=\"col\">\n                        <a \n                        href=\"https:\/\/boletimwinnicottnobrasil.dwwe.com.br\/edicao2024\/wp-content\/uploads\/sites\/17\/2024\/11\/Brasil-Ensino-2024-sedes-winnicott-experiencia-e-pensamento-V01.pdf\"\n                        style=\"text-align: left;\" \n                        class=\"btn link btn-boletim\" \n                        target=\"_blank\"\n                        >\n                        Curso: Winnicott - Experi\u00eancia e Pensamento                        <\/a>\n                    <\/div>\n                <\/div>\n            <\/div>\n                    <div class=\"container\">\n                <div class=\"row\">\n                    <div class=\"col\">\n                        <a \n                        href=\"https:\/\/boletimwinnicottnobrasil.dwwe.com.br\/edicao2024\/wp-content\/uploads\/sites\/17\/2024\/11\/Brasil-Ensino-2024-CEP-paradigma-existencial-e-fenomenologico-V01.pdf\"\n                        style=\"text-align: left;\" \n                        class=\"btn link btn-boletim\" \n                        target=\"_blank\"\n                        >\n                        Semin\u00e1rio te\u00f3rico: Paradigma existencial e fenomenol\u00f3gico da teoria winnicottiana e suas consequ\u00eancias cl\u00ednicas                        <\/a>\n                    <\/div>\n                <\/div>\n            <\/div>\n                    <div class=\"container\">\n                <div class=\"row\">\n                    <div class=\"col\">\n                        <a \n                        href=\"https:\/\/boletimwinnicottnobrasil.dwwe.com.br\/edicao2024\/wp-content\/uploads\/sites\/17\/2024\/10\/Brasil-Ensino-2024-seminario-safra-lugar-em-winnicott-V01.pdf\"\n                        style=\"text-align: left;\" \n                        class=\"btn link btn-boletim\" \n                        target=\"_blank\"\n                        >\n                        Semin\u00e1rio: Revisitando Winnicott - a quest\u00e3o do \"lugar\" como v\u00e9rtice de leitura da obra winnicottiana                        <\/a>\n                    <\/div>\n                <\/div>\n            <\/div>\n                    <div class=\"container\">\n                <div class=\"row\">\n                    <div class=\"col\">\n                        <a \n                        href=\"https:\/\/boletimwinnicottnobrasil.dwwe.com.br\/edicao2024\/wp-content\/uploads\/sites\/17\/2024\/09\/Brasil-Ensino-2024-khan-e-bollas-V01.pdf\"\n                        style=\"text-align: left;\" \n                        class=\"btn link btn-boletim\" \n                        target=\"_blank\"\n                        >\n                        Semin\u00e1rio te\u00f3rico: Revisitando a teoria winnicottiana com Masud Khan e Christopher Bollas                        <\/a>\n                    <\/div>\n                <\/div>\n            <\/div>\n                    <div class=\"container\">\n                <div class=\"row\">\n                    <div class=\"col\">\n                        <a \n                        href=\"https:\/\/boletimwinnicottnobrasil.dwwe.com.br\/edicao2024\/wp-content\/uploads\/sites\/17\/2024\/09\/Brasil-Ensino-2024-holding-e-interpret-V01.pdf\"\n                        style=\"text-align: left;\" \n                        class=\"btn link btn-boletim\" \n                        target=\"_blank\"\n                        >\n                        Semin\u00e1rio te\u00f3rico: Winnicott e a cl\u00ednica psicanal\u00edtica das psicoses - lendo <i>Holding e Interpreta\u00e7\u00e3o: fragmentos de uma an\u00e1lise<\/i>                        <\/a>\n                    <\/div>\n                <\/div>\n            <\/div>\n                    <div class=\"container\">\n                <div class=\"row\">\n                    <div class=\"col\">\n                        <a \n                        href=\"https:\/\/boletimwinnicottnobrasil.dwwe.com.br\/edicao2024\/wp-content\/uploads\/sites\/17\/2024\/09\/Brasil-Ensino-2024-Perspectivas-do-brincar-em-Freud-e-Winnicott-V01.pdf\"\n                        style=\"text-align: left;\" \n                        class=\"btn link btn-boletim\" \n                        target=\"_blank\"\n                        >\n                        Semin\u00e1rio tem\u00e1tico: perspectivas do brincar em Freud, Klein e Winnicott                        <\/a>\n                    <\/div>\n                <\/div>\n            <\/div>\n                    <div class=\"container\">\n                <div class=\"row\">\n                    <div class=\"col\">\n                        <a \n                        href=\"https:\/\/boletimwinnicottnobrasil.dwwe.com.br\/edicao2024\/wp-content\/uploads\/sites\/17\/2024\/09\/Brasil-Ensino-2024-A-questao-da-contratransferencia-na-psicanalise-V01.pdf\"\n                        style=\"text-align: left;\" \n                        class=\"btn link btn-boletim\" \n                        target=\"_blank\"\n                        >\n                        Reuni\u00e3o tem\u00e1tica: a quest\u00e3o da contratransfer\u00eancia na psican\u00e1lise                        <\/a>\n                    <\/div>\n                <\/div>\n            <\/div>\n                    <div class=\"container\">\n                <div class=\"row\">\n                    <div class=\"col\">\n                        <a \n                        href=\"https:\/\/boletimwinnicottnobrasil.dwwe.com.br\/edicao2024\/wp-content\/uploads\/sites\/17\/2024\/09\/Brasil-Ensino-2024-Tales-AbSaber-Curso-Ubu-V02.pdf\"\n                        style=\"text-align: left;\" \n                        class=\"btn link btn-boletim\" \n                        target=\"_blank\"\n                        >\n                        Curso on-line: Winnicott: g\u00eanese e teoria da transicionalidade                        <\/a>\n                    <\/div>\n                <\/div>\n            <\/div>\n                    <div class=\"container\">\n                <div class=\"row\">\n                    <div class=\"col\">\n                        <a \n                        href=\"https:\/\/boletimwinnicottnobrasil.dwwe.com.br\/edicao2024\/wp-content\/uploads\/sites\/17\/2024\/03\/Brasil-Ensino-2024-Debate-CEP-Disciplina-Psicoses-Ricardo-V01.pdf\"\n                        style=\"text-align: left;\" \n                        class=\"btn link btn-boletim\" \n                        target=\"_blank\"\n                        >\n                        N\u00facleo de Forma\u00e7\u00e3o Permanente: Psican\u00e1lise e Psicoses \u2013 1\u00ba semestre                        <\/a>\n                    <\/div>\n                <\/div>\n            <\/div>\n                    <div class=\"container\">\n                <div class=\"row\">\n                    <div class=\"col\">\n                        <a \n                        href=\"https:\/\/boletimwinnicottnobrasil.dwwe.com.br\/edicao2024\/wp-content\/uploads\/sites\/17\/2024\/03\/Brasil-Ensino-2024-Debate-CEP-Palestra-Carla-V01.pdf\"\n                        style=\"text-align: left;\" \n                        class=\"btn link btn-boletim\" \n                        target=\"_blank\"\n                        >\n                        Palestra: A cl\u00ednica das psicoses na abordagem de Winnicott \u2013 um estudo de caso                        <\/a>\n                    <\/div>\n                <\/div>\n            <\/div>\n            <\/div>\n            <div class=\"accordion accordion-boletim\" id=\"accordionExample\">\n            <div class=\"accordion-item\">\n                <button class=\"accordion-button collapsed\" type=\"button\" data-bs-toggle=\"collapse\" data-bs-target=\"#collapse_pesquisa\" aria-expanded=\"false\" aria-controls=\"collapse_pesquisa\">\n                    <h2 class=\"accordion-header\" style=\"\n                    color:#e1c933;\n                    background-color:#ffffff;\n                    padding: 10px;\n                    width: max-content;\n                    font-family: Roboto;\"\n                    id=\"brasil-pesquisa\">\n                    Pesquisa                <\/h2>\n            <\/button>\n            <div id=\"collapse_pesquisa\" class=\"accordion-collapse collapse\" aria-labelledby=\"brasil-pesquisa\" data-bs-parent=\"#accordionExample\">\n                <div class=\"accordion-body\">\n                    <p style=\"text-align: justify;\">A Se\u00e7\u00e3o Pesquisas publicar\u00e1 informa\u00e7\u00f5es sobre pesquisas cient\u00edficas, e culturais de modo do geral, em andamento ou conclu\u00eddas, desenvolvidas em diversos n\u00edveis, tais como projetos de inicia\u00e7\u00e3o cient\u00edfica, disserta\u00e7\u00f5es e relat\u00f3rios de mestrado e doutorado, at\u00e9 resumos de tese e relat\u00f3rios de p\u00f3s-doutorado. Dessa forma, pretendemos fomentar a troca de conhecimentos entre os estudiosos e incentivar que novos pesquisadores se debrucem sobre as obras de Winnicott e as pr\u00e1ticas que ele prop\u00f5e.<\/p>\n                <\/div>\n            <\/div>\n        <\/div>\n            <\/div>\n            <div class=\"accordion accordion-boletim\" id=\"accordionExample\">\n            <div class=\"accordion-item\">\n                <button class=\"accordion-button collapsed\" type=\"button\" data-bs-toggle=\"collapse\" data-bs-target=\"#collapse_eventos\" aria-expanded=\"false\" aria-controls=\"collapse_eventos\">\n                    <h2 class=\"accordion-header\" style=\"\n                    color:#e1c933;\n                    background-color:#ffffff;\n                    padding: 10px;\n                    width: max-content;\n                    font-family: Roboto;\"\n                    id=\"brasil-eventos\">\n                    Eventos                <\/h2>\n            <\/button>\n            <div id=\"collapse_eventos\" class=\"accordion-collapse collapse\" aria-labelledby=\"brasil-eventos\" data-bs-parent=\"#accordionExample\">\n                <div class=\"accordion-body\">\n                    <p style=\"text-align: justify;\"><span style=\"font-weight: 400;\">Nesta Se\u00e7\u00e3o do BOLETIM, divulgaremos as programa\u00e7\u00f5es, com os respectivos sites para inscri\u00e7\u00f5es e mais informa\u00e7\u00f5es, tanto de eventos j\u00e1 realizados como de futuros (col\u00f3quios, congressos, jornadas, encontros, cursos, grupos de estudos, palestras etc.), promovidos por institui\u00e7\u00f5es winnicottianas. Divulgaremos, ainda, not\u00edcias sobre todas as outras atividades relevantes relacionadas ao pensamento de Winnicott. Este tamb\u00e9m ser\u00e1 um espa\u00e7o para a publica\u00e7\u00e3o de pequenos textos de colaboradores e organizadores desses eventos.<\/span><\/p>\n                <\/div>\n            <\/div>\n        <\/div>\n                    <div class=\"container\">\n                <div class=\"row\">\n                    <div class=\"col\">\n                        <a \n                        href=\"https:\/\/boletimwinnicottnobrasil.dwwe.com.br\/edicao2024\/wp-content\/uploads\/sites\/17\/2024\/11\/Brasil-Eventos-2024-Klein-e-Winnicott-V01.pdf\"\n                        style=\"text-align: left;\" \n                        class=\"btn link btn-boletim\" \n                        target=\"_blank\"\n                        >\n                        Encontro \"Ang\u00fastia e Fantasia: di\u00e1logos entre Klein e Winnicott\"                        <\/a>\n                    <\/div>\n                <\/div>\n            <\/div>\n            <\/div>\n            <div class=\"accordion accordion-boletim\" id=\"accordionExample\">\n            <div class=\"accordion-item\">\n                <button class=\"accordion-button collapsed\" type=\"button\" data-bs-toggle=\"collapse\" data-bs-target=\"#collapse_noticias-editorias\" aria-expanded=\"false\" aria-controls=\"collapse_noticias-editorias\">\n                    <h2 class=\"accordion-header\" style=\"\n                    color:#e1c933;\n                    background-color:#ffffff;\n                    padding: 10px;\n                    width: max-content;\n                    font-family: Roboto;\"\n                    id=\"brasil-noticias-editorias\">\n                    Not\u00edcias Editoriais                <\/h2>\n            <\/button>\n            <div id=\"collapse_noticias-editorias\" class=\"accordion-collapse collapse\" aria-labelledby=\"brasil-noticias-editorias\" data-bs-parent=\"#accordionExample\">\n                <div class=\"accordion-body\">\n                    <p style=\"text-align: justify;\">Esta Se\u00e7\u00e3o \u00e9 reservada \u00e0 elabora\u00e7\u00e3o de resenhas informativas sobre novas tradu\u00e7\u00f5es e reedi\u00e7\u00f5es das obras de Winnicott, bem como sobre obras rec\u00e9m-publicadas, no Brasil e no exterior, que tenham como tema a teoria e a cl\u00ednica winnicottianas. O objetivo principal \u00e9 acompanhar e divulgar a produ\u00e7\u00e3o editorial e acad\u00eamica nesse campo, oferecendo uma descri\u00e7\u00e3o geral do conte\u00fado e apresentando seus autores.<\/p>\n                <\/div>\n            <\/div>\n        <\/div>\n                    <div class=\"container\">\n                <div class=\"row\">\n                    <div class=\"col\">\n                        <a \n                        href=\"https:\/\/boletimwinnicottnobrasil.dwwe.com.br\/edicao2024\/wp-content\/uploads\/sites\/17\/2024\/09\/Brasil-Noticias-Editoriais-2024-Desenvolvimento-emocional-e-pratica-psicoterapica-V02.pdf\"\n                        style=\"text-align: left;\" \n                        class=\"btn link btn-boletim\" \n                        target=\"_blank\"\n                        >\n                        Leopoldo Fulgencio e Lygia Vampr\u00e9 Humberg, Desenvolvimento emocional e pr\u00e1tica psicoter\u00e1pica na perspectiva psicanal\u00edtica de D. W. Winnicott                        <\/a>\n                    <\/div>\n                <\/div>\n            <\/div>\n            <\/div>\n            <div class=\"accordion accordion-boletim\" id=\"accordionExample\">\n            <div class=\"accordion-item\">\n                <button class=\"accordion-button collapsed\" type=\"button\" data-bs-toggle=\"collapse\" data-bs-target=\"#collapse_noticias\" aria-expanded=\"false\" aria-controls=\"collapse_noticias\">\n                    <h2 class=\"accordion-header\" style=\"\n                    color:#e1c933;\n                    background-color:#ffffff;\n                    padding: 10px;\n                    width: max-content;\n                    font-family: Roboto;\"\n                    id=\"brasil-noticias\">\n                    Not\u00edcias                <\/h2>\n            <\/button>\n            <div id=\"collapse_noticias\" class=\"accordion-collapse collapse\" aria-labelledby=\"brasil-noticias\" data-bs-parent=\"#accordionExample\">\n                <div class=\"accordion-body\">\n                    <p style=\"text-align: justify;\"><span style=\"font-weight: 400;\">Na Se\u00e7\u00e3o Not\u00edcias, o leitor encontrar\u00e1 informa\u00e7\u00f5es sobre os grupos winnicottianos listados neste BOLETIM que n\u00e3o s\u00e3o divulgadas em outras se\u00e7\u00f5es.\u00a0<\/span><\/p>\n                <\/div>\n            <\/div>\n        <\/div>\n            <\/div>\n            <div class=\"accordion accordion-boletim\" id=\"accordionExample\">\n            <div class=\"accordion-item\">\n                <button class=\"accordion-button collapsed\" type=\"button\" data-bs-toggle=\"collapse\" data-bs-target=\"#collapse_cartas\" aria-expanded=\"false\" aria-controls=\"collapse_cartas\">\n                    <h2 class=\"accordion-header\" style=\"\n                    color:#e1c933;\n                    background-color:#ffffff;\n                    padding: 10px;\n                    width: max-content;\n                    font-family: Roboto;\"\n                    id=\"brasil-cartas\">\n                    Cartas                <\/h2>\n            <\/button>\n            <div id=\"collapse_cartas\" class=\"accordion-collapse collapse\" aria-labelledby=\"brasil-cartas\" data-bs-parent=\"#accordionExample\">\n                <div class=\"accordion-body\">\n                    <p style=\"text-align: justify;\">Nesta Se\u00e7\u00e3o, prevemos a publica\u00e7\u00e3o de cartas selecionadas, dirigidas ao BOLETIM, que ser\u00e3o respondidas e comentadas pelos editores.<\/p>\n                <\/div>\n            <\/div>\n        <\/div>\n            <\/div>\n            <div class=\"accordion accordion-boletim\" id=\"accordionExample\">\n            <div class=\"accordion-item\">\n                <button class=\"accordion-button collapsed\" type=\"button\" data-bs-toggle=\"collapse\" data-bs-target=\"#collapse_publicacoes\" aria-expanded=\"false\" aria-controls=\"collapse_publicacoes\">\n                    <h2 class=\"accordion-header\" style=\"\n                    color:#e1c933;\n                    background-color:#ffffff;\n                    padding: 10px;\n                    width: max-content;\n                    font-family: Roboto;\"\n                    id=\"brasil-publicacoes\">\n                    Publica\u00e7\u00f5es                <\/h2>\n            <\/button>\n            <div id=\"collapse_publicacoes\" class=\"accordion-collapse collapse\" aria-labelledby=\"brasil-publicacoes\" data-bs-parent=\"#accordionExample\">\n                <div class=\"accordion-body\">\n                    <p style=\"text-align: justify;\"><span style=\"font-weight: 400;\">Nesta sess\u00e3o do \u00cdndice do BOLETIM, faremos o levantamento de todas as publica\u00e7\u00f5es (incluindo as de car\u00e1ter acad\u00eamico, como disserta\u00e7\u00f5es e teses) de e sobre Winnicott, realizadas por alguma das institui\u00e7\u00f5es das \u00c1reas que seguimos a partir de 2022.<\/span><\/p>\n                <\/div>\n            <\/div>\n        <\/div>\n            <\/div>\n    <\/div>\n\t\t\t\t\t\t<\/div>\n\t\t\t\t<\/div>\n\t\t\t\t\t<\/div>\n\t\t<\/div>\n\t\t\t\t\t<\/div>\n\t\t<\/section>\n\t\t\t\t<div class=\"elementor-element elementor-element-4b2a8ab elementor-widget elementor-widget-spacer\" data-id=\"4b2a8ab\" data-element_type=\"widget\" data-widget_type=\"spacer.default\">\n\t\t\t\t<div class=\"elementor-widget-container\">\n\t\t\t\t\t\t\t<div class=\"elementor-spacer\">\n\t\t\t<div class=\"elementor-spacer-inner\"><\/div>\n\t\t<\/div>\n\t\t\t\t\t\t<\/div>\n\t\t\t\t<\/div>\n\t\t\t\t\t<\/div>\n\t\t<\/div>\n\t\t\t\t\t<\/div>\n\t\t<\/div>\n\t\t\t\t<\/div>\n\t\t","protected":false},"excerpt":{"rendered":"<p>Winnicott \u00e9 hoje um dos terapeutas, vale dizer, um dos facilitadores da condi\u00e7\u00e3o humana, mais procurados no Brasil, o que \u00e9 revelado pelo grande e crescente volume de atividades dedicadas ao seu pensamento revolucion\u00e1rio e suas pr\u00e1ticas inovadoras. Nessa sess\u00e3o, o BOLETIM se prop\u00f5e noticiar essa efervesc\u00eancia e contribuir para que ela seja melhor conhecida [&hellip;]<\/p>\n","protected":false},"author":1,"featured_media":4754,"parent":0,"menu_order":0,"comment_status":"closed","ping_status":"closed","template":"","meta":{"_acf_changed":false,"footnotes":""},"class_list":["post-397","page","type-page","status-publish","has-post-thumbnail","hentry"],"acf":[],"_links":{"self":[{"href":"https:\/\/boletimwinnicottnobrasil.dwwe.com.br\/edicao2024\/wp-json\/wp\/v2\/pages\/397","targetHints":{"allow":["GET"]}}],"collection":[{"href":"https:\/\/boletimwinnicottnobrasil.dwwe.com.br\/edicao2024\/wp-json\/wp\/v2\/pages"}],"about":[{"href":"https:\/\/boletimwinnicottnobrasil.dwwe.com.br\/edicao2024\/wp-json\/wp\/v2\/types\/page"}],"author":[{"embeddable":true,"href":"https:\/\/boletimwinnicottnobrasil.dwwe.com.br\/edicao2024\/wp-json\/wp\/v2\/users\/1"}],"replies":[{"embeddable":true,"href":"https:\/\/boletimwinnicottnobrasil.dwwe.com.br\/edicao2024\/wp-json\/wp\/v2\/comments?post=397"}],"version-history":[{"count":3,"href":"https:\/\/boletimwinnicottnobrasil.dwwe.com.br\/edicao2024\/wp-json\/wp\/v2\/pages\/397\/revisions"}],"predecessor-version":[{"id":4763,"href":"https:\/\/boletimwinnicottnobrasil.dwwe.com.br\/edicao2024\/wp-json\/wp\/v2\/pages\/397\/revisions\/4763"}],"wp:featuredmedia":[{"embeddable":true,"href":"https:\/\/boletimwinnicottnobrasil.dwwe.com.br\/edicao2024\/wp-json\/wp\/v2\/media\/4754"}],"wp:attachment":[{"href":"https:\/\/boletimwinnicottnobrasil.dwwe.com.br\/edicao2024\/wp-json\/wp\/v2\/media?parent=397"}],"curies":[{"name":"wp","href":"https:\/\/api.w.org\/{rel}","templated":true}]}}