{"id":434,"date":"2022-02-23T13:47:36","date_gmt":"2022-02-23T16:47:36","guid":{"rendered":"http:\/\/boletimwinnicottnobrasil.dwwe.com.br\/1\/?page_id=434"},"modified":"2025-02-21T17:06:38","modified_gmt":"2025-02-21T20:06:38","slug":"ibpw","status":"publish","type":"page","link":"https:\/\/boletimwinnicottnobrasil.dwwe.com.br\/edicao2024\/ibpw\/","title":{"rendered":"IBPW"},"content":{"rendered":"\t\t<div data-elementor-type=\"wp-page\" data-elementor-id=\"434\" class=\"elementor elementor-434\">\n\t\t\t\t\t\t<section class=\"elementor-section elementor-top-section elementor-element elementor-element-c2d9d1a elementor-section-full_width elementor-section-height-default elementor-section-height-default\" data-id=\"c2d9d1a\" data-element_type=\"section\">\n\t\t\t\t\t\t<div class=\"elementor-container elementor-column-gap-default\">\n\t\t\t\t\t<div class=\"elementor-column elementor-col-100 elementor-top-column elementor-element elementor-element-a548354\" data-id=\"a548354\" data-element_type=\"column\">\n\t\t\t<div class=\"elementor-widget-wrap elementor-element-populated\">\n\t\t\t\t\t\t<section class=\"elementor-section elementor-inner-section elementor-element elementor-element-8572cbc elementor-section-boxed elementor-section-height-default elementor-section-height-default\" data-id=\"8572cbc\" data-element_type=\"section\">\n\t\t\t\t\t\t<div class=\"elementor-container elementor-column-gap-default\">\n\t\t\t\t\t<div class=\"elementor-column elementor-col-33 elementor-inner-column elementor-element elementor-element-01223e4\" data-id=\"01223e4\" data-element_type=\"column\">\n\t\t\t<div class=\"elementor-widget-wrap elementor-element-populated\">\n\t\t\t\t\t\t<div class=\"elementor-element elementor-element-565957a elementor-widget elementor-widget-shortcode\" data-id=\"565957a\" data-element_type=\"widget\" data-widget_type=\"shortcode.default\">\n\t\t\t\t<div class=\"elementor-widget-container\">\n\t\t\t\t\t\t\t<div class=\"elementor-shortcode\">    <button class=\"btn btn-primary\" id=\"OpenMenu\">\u00cdNDICE<\/button>\n    <div class=\"offcanvas offcanvas-start\" data-bs-scroll=\"true\" data-bs-backdrop=\"false\" tabindex=\"-1\" id=\"offcanvasExample\" aria-labelledby=\"offcanvasExampleLabel\">\n        <div class=\"offcanvas-header\">\n            <h5 class=\"offcanvas-title text-primary\" id=\"offcanvasExampleLabel\">\u00cdNDICE<\/h5>\n            <button type=\"button\" class=\"btn-close text-reset\" data-bs-dismiss=\"offcanvas\" aria-label=\"Close\"><\/button>\n        <\/div>\n        <div class=\"offcanvas-body\">\n                                <dt>Artigos<\/dt>\n                                            <dd><button class=\"btn btn-link\" data-bs-dismiss=\"offcanvas\" style=\"border: none; text-align: left; text-decoration: none;\"><a href=\"#ibpw-artigos\">Loparic, Z., O pleito de Winnicott por uma revolu\u00e7\u00e3o em psican\u00e1lise<\/a><\/button><\/dd>\n                                                <dd><button class=\"btn btn-link\" data-bs-dismiss=\"offcanvas\" style=\"border: none; text-align: left; text-decoration: none;\"><a href=\"#ibpw-artigos\">Guizzo, D., A hist\u00f3ria de Winnicott e o cuidado com crian\u00e7as no ambiente da escola maternal<\/a><\/button><\/dd>\n                                                <dd><button class=\"btn btn-link\" data-bs-dismiss=\"offcanvas\" style=\"border: none; text-align: left; text-decoration: none;\"><a href=\"#ibpw-artigos\">Hammoud, T., Relato da hist\u00f3ria de uma longa jornada em busca de si mesma \u2013 alguns aspectos te\u00f3rico-cl\u00ednicos<\/a><\/button><\/dd>\n                                                <dd><button class=\"btn btn-link\" data-bs-dismiss=\"offcanvas\" style=\"border: none; text-align: left; text-decoration: none;\"><a href=\"#ibpw-artigos\">Serralha, C. A., Maternidade: significados e sentidos<\/a><\/button><\/dd>\n                                            <dt>Dossi\u00eas<\/dt>\n                                            <dd><button class=\"btn btn-link\" data-bs-dismiss=\"offcanvas\" style=\"border: none; text-align: left; text-decoration: none;\"><a href=\"#ibpw-dossies\">Dias, M. F., N\u00fa\u00f1ez, E. H. e Ribeiro, C. V. (Orgs.): Dossi\u00ea em comemora\u00e7\u00e3o dos 25 anos da revista Natureza Humana<\/a><\/button><\/dd>\n                                                <dd><button class=\"btn btn-link\" data-bs-dismiss=\"offcanvas\" style=\"border: none; text-align: left; text-decoration: none;\"><a href=\"#ibpw-dossies\">Busnardo, A. (org.): Dossi\u00ea em comemora\u00e7\u00e3o aos 10 anos da Forma\u00e7\u00e3o em Psican\u00e1lise Winnicottiana do IBPW em Beijing<\/a><\/button><\/dd>\n                                                <dd><button class=\"btn btn-link\" data-bs-dismiss=\"offcanvas\" style=\"border: none; text-align: left; text-decoration: none;\"><a href=\"#ibpw-dossies\">Loparic, Z. (Org.): Dossi\u00ea XVII Col\u00f3quio Winnicott de Campinas - casos cl\u00ednicos de Winnicott<\/a><\/button><\/dd>\n                                                <dd><button class=\"btn btn-link\" data-bs-dismiss=\"offcanvas\" style=\"border: none; text-align: left; text-decoration: none;\"><a href=\"#ibpw-dossies\">Perez, Daniel O. (org.): Dossi\u00ea de homenagem ao Professor Z. Loparic<\/a><\/button><\/dd>\n                                                <dd><button class=\"btn btn-link\" data-bs-dismiss=\"offcanvas\" style=\"border: none; text-align: left; text-decoration: none;\"><a href=\"#ibpw-dossies\">Loparic, Z. (org.): Dossi\u00ea 20 anos do Curso de Forma\u00e7\u00e3o Winnicottiana \u2013 2004-2024<\/a><\/button><\/dd>\n                                            <dt>Resenhas<\/dt>\n                                            <dd><button class=\"btn btn-link\" data-bs-dismiss=\"offcanvas\" style=\"border: none; text-align: left; text-decoration: none;\"><a href=\"#ibpw-resenhas\">Davy Bogomoletz: O fio de Elsa Dias e o labirinto de Winnicott: resenha sobre A teoria do amadurecimento de D. W. Winnicott, de Elsa Oliveira Dias<\/a><\/button><\/dd>\n                                            <dt>Notas<\/dt>\n                                            <dd><button class=\"btn btn-link\" data-bs-dismiss=\"offcanvas\" style=\"border: none; text-align: left; text-decoration: none;\"><a href=\"#ibpw-notas\">Soares, F. M. P., \"Falar com\" na cl\u00ednica do holding<\/a><\/button><\/dd>\n                                                <dd><button class=\"btn btn-link\" data-bs-dismiss=\"offcanvas\" style=\"border: none; text-align: left; text-decoration: none;\"><a href=\"#ibpw-notas\">Naffah Neto, A., Identifica\u00e7\u00e3o cruzada<\/a><\/button><\/dd>\n                                                <dd><button class=\"btn btn-link\" data-bs-dismiss=\"offcanvas\" style=\"border: none; text-align: left; text-decoration: none;\"><a href=\"#ibpw-notas\">Rates, L. M., A capacidade para identifica\u00e7\u00e3o cruzada<\/a><\/button><\/dd>\n                                                <dd><button class=\"btn btn-link\" data-bs-dismiss=\"offcanvas\" style=\"border: none; text-align: left; text-decoration: none;\"><a href=\"#ibpw-notas\">Malzyner, M., A criatividade e o brincar<\/a><\/button><\/dd>\n                                                <dd><button class=\"btn btn-link\" data-bs-dismiss=\"offcanvas\" style=\"border: none; text-align: left; text-decoration: none;\"><a href=\"#ibpw-notas\">Belo, M. R., Terapia winnicottiana de casal<\/a><\/button><\/dd>\n                                                <dd><button class=\"btn btn-link\" data-bs-dismiss=\"offcanvas\" style=\"border: none; text-align: left; text-decoration: none;\"><a href=\"#ibpw-notas\">Pond\u00e9, D. Z. F., O bom lar comum<\/a><\/button><\/dd>\n                                                <dd><button class=\"btn btn-link\" data-bs-dismiss=\"offcanvas\" style=\"border: none; text-align: left; text-decoration: none;\"><a href=\"#ibpw-notas\">Malzyner, M., Ang\u00fastia, medo e paranoia<\/a><\/button><\/dd>\n                                                <dd><button class=\"btn btn-link\" data-bs-dismiss=\"offcanvas\" style=\"border: none; text-align: left; text-decoration: none;\"><a href=\"#ibpw-notas\">Loparic, Z., A recep\u00e7\u00e3o de Winnicott<\/a><\/button><\/dd>\n                                                <dd><button class=\"btn btn-link\" data-bs-dismiss=\"offcanvas\" style=\"border: none; text-align: left; text-decoration: none;\"><a href=\"#ibpw-notas\">Naffah Neto, A., O envelhecimento e a capacidade de morrer<\/a><\/button><\/dd>\n                                                <dd><button class=\"btn btn-link\" data-bs-dismiss=\"offcanvas\" style=\"border: none; text-align: left; text-decoration: none;\"><a href=\"#ibpw-notas\">Dias, E. O., Nota sobre 125 anos do nascimento de Winnicott<\/a><\/button><\/dd>\n                                            <dt>Coment\u00e1rios<\/dt>\n                                            <dd><button class=\"btn btn-link\" data-bs-dismiss=\"offcanvas\" style=\"border: none; text-align: left; text-decoration: none;\"><a href=\"#ibpw-comentarios\">Loparic, Z. e Rosa, C. D., O caso Patrick - um coment\u00e1rio<\/a><\/button><\/dd>\n                                            <dt>Entrevistas<\/dt>\n                                            <dd><button class=\"btn btn-link\" data-bs-dismiss=\"offcanvas\" style=\"border: none; text-align: left; text-decoration: none;\"><a href=\"#ibpw-entrevistas\">Ricardo Telles: entrevista concedida a Daniela Guizzo (BWB)<\/a><\/button><\/dd>\n                                                <dd><button class=\"btn btn-link\" data-bs-dismiss=\"offcanvas\" style=\"border: none; text-align: left; text-decoration: none;\"><a href=\"#ibpw-entrevistas\">Andr\u00e9 Martins: entrevista concedida a Daniela Guizzo (BWB)<\/a><\/button><\/dd>\n                                                <dd><button class=\"btn btn-link\" data-bs-dismiss=\"offcanvas\" style=\"border: none; text-align: left; text-decoration: none;\"><a href=\"#ibpw-entrevistas\">Maria de F\u00e1tima Dias: entrevista concedida a Daniela Guizzo (BWB)<\/a><\/button><\/dd>\n                                            <dt>Autobiografias<\/dt>\n                                            <dd><button class=\"btn btn-link\" data-bs-dismiss=\"offcanvas\" style=\"border: none; text-align: left; text-decoration: none;\"><a href=\"#ibpw-autobiografias\">Andr\u00e9 Martins, autobiografia winnicottiana<\/a><\/button><\/dd>\n                                                <dd><button class=\"btn btn-link\" data-bs-dismiss=\"offcanvas\" style=\"border: none; text-align: left; text-decoration: none;\"><a href=\"#ibpw-autobiografias\">Maria de F\u00e1tima Dias, autobiografia winnicottiana<\/a><\/button><\/dd>\n                                            <dt>Ensino<\/dt>\n                                            <dd><button class=\"btn btn-link\" data-bs-dismiss=\"offcanvas\" style=\"border: none; text-align: left; text-decoration: none;\"><a href=\"#ibpw-ensino\">Curso de Qualifica\u00e7\u00e3o IBPW\/SACOM: Projeto Piloto Heli\u00f3polis<\/a><\/button><\/dd>\n                                                <dd><button class=\"btn btn-link\" data-bs-dismiss=\"offcanvas\" style=\"border: none; text-align: left; text-decoration: none;\"><a href=\"#ibpw-ensino\">Palestra: Frantz Fanon, entre a psiquiatria e a antropologia<\/a><\/button><\/dd>\n                                                <dd><button class=\"btn btn-link\" data-bs-dismiss=\"offcanvas\" style=\"border: none; text-align: left; text-decoration: none;\"><a href=\"#ibpw-ensino\">Minicurso: A agonia de um corpo sem contorno - uma poss\u00edvel leitura winnicottiana sobre Daniel Schreber<\/a><\/button><\/dd>\n                                                <dd><button class=\"btn btn-link\" data-bs-dismiss=\"offcanvas\" style=\"border: none; text-align: left; text-decoration: none;\"><a href=\"#ibpw-ensino\">Minicurso: Winnnicott e a adolesc\u00eancia<\/a><\/button><\/dd>\n                                                <dd><button class=\"btn btn-link\" data-bs-dismiss=\"offcanvas\" style=\"border: none; text-align: left; text-decoration: none;\"><a href=\"#ibpw-ensino\">Supervis\u00e3o p\u00fablica de caso cl\u00ednico<\/a><\/button><\/dd>\n                                                <dd><button class=\"btn btn-link\" data-bs-dismiss=\"offcanvas\" style=\"border: none; text-align: left; text-decoration: none;\"><a href=\"#ibpw-ensino\">Curso de Introdu\u00e7\u00e3o \u00e0 Cl\u00ednica Winnicottiana<\/a><\/button><\/dd>\n                                                <dd><button class=\"btn btn-link\" data-bs-dismiss=\"offcanvas\" style=\"border: none; text-align: left; text-decoration: none;\"><a href=\"#ibpw-ensino\">Curso de Forma\u00e7\u00e3o Winnicottiana<\/a><\/button><\/dd>\n                                            <dt>Pesquisa<\/dt>\n                                            <dd><button class=\"btn btn-link\" data-bs-dismiss=\"offcanvas\" style=\"border: none; text-align: left; text-decoration: none;\"><a href=\"#ibpw-pesquisa\">Loparic, Z.: Semin\u00e1rio de pesquisa sobre a revolu\u00e7\u00e3o winnicottiana<\/a><\/button><\/dd>\n                                            <dt>Eventos<\/dt>\n                                            <dd><button class=\"btn btn-link\" data-bs-dismiss=\"offcanvas\" style=\"border: none; text-align: left; text-decoration: none;\"><a href=\"#ibpw-eventos\">Comemora\u00e7\u00e3o de 10 anos de Forma\u00e7\u00e3o em Psican\u00e1lise winnicottiana do IBPW em Beijing<\/a><\/button><\/dd>\n                                                <dd><button class=\"btn btn-link\" data-bs-dismiss=\"offcanvas\" style=\"border: none; text-align: left; text-decoration: none;\"><a href=\"#ibpw-eventos\">XVII Col\u00f3quio de Campinas: Casos cl\u00ednicos de Winnicott<\/a><\/button><\/dd>\n                                                <dd><button class=\"btn btn-link\" data-bs-dismiss=\"offcanvas\" style=\"border: none; text-align: left; text-decoration: none;\"><a href=\"#ibpw-eventos\">Comemora\u00e7\u00e3o de 25 anos da revista Natureza Humana<\/a><\/button><\/dd>\n                                                <dd><button class=\"btn btn-link\" data-bs-dismiss=\"offcanvas\" style=\"border: none; text-align: left; text-decoration: none;\"><a href=\"#ibpw-eventos\">Col\u00f3quio do Centro de L\u00f3gica, Epistemologia e Hist\u00f3ria da Ci\u00eancia - 40 anos de Filosofia da Psican\u00e1lise no Brasil<\/a><\/button><\/dd>\n                                                <dd><button class=\"btn btn-link\" data-bs-dismiss=\"offcanvas\" style=\"border: none; text-align: left; text-decoration: none;\"><a href=\"#ibpw-eventos\">I Jornada Winnicott e a Educa\u00e7\u00e3o - Contribui\u00e7\u00f5es para a psicologia escolar e educacional<\/a><\/button><\/dd>\n                                                <dd><button class=\"btn btn-link\" data-bs-dismiss=\"offcanvas\" style=\"border: none; text-align: left; text-decoration: none;\"><a href=\"#ibpw-eventos\">XXVIII Col\u00f3quio Winnicott Internacional - Identidades<\/a><\/button><\/dd>\n                                                <dd><button class=\"btn btn-link\" data-bs-dismiss=\"offcanvas\" style=\"border: none; text-align: left; text-decoration: none;\"><a href=\"#ibpw-eventos\">Mini Col\u00f3quio Antropologia filos\u00f3fica e Antropologia psiqui\u00e1trica<\/a><\/button><\/dd>\n                                                <dd><button class=\"btn btn-link\" data-bs-dismiss=\"offcanvas\" style=\"border: none; text-align: left; text-decoration: none;\"><a href=\"#ibpw-eventos\">XXI Col\u00f3quio Kant - Interpreta\u00e7\u00e3o sem\u00e2ntica de Kant<\/a><\/button><\/dd>\n                                                <dd><button class=\"btn btn-link\" data-bs-dismiss=\"offcanvas\" style=\"border: none; text-align: left; text-decoration: none;\"><a href=\"#ibpw-eventos\">Supervis\u00e3o p\u00fablica de caso cl\u00ednico<\/a><\/button><\/dd>\n                                                <dd><button class=\"btn btn-link\" data-bs-dismiss=\"offcanvas\" style=\"border: none; text-align: left; text-decoration: none;\"><a href=\"#ibpw-eventos\">VII Jornada Winnicott e a Pediatria \u2013 O pediatra winnicottiano<\/a><\/button><\/dd>\n                                            <dt>Not\u00edcias Editoriais<\/dt>\n                                            <dd><button class=\"btn btn-link\" data-bs-dismiss=\"offcanvas\" style=\"border: none; text-align: left; text-decoration: none;\"><a href=\"#ibpw-noticias-editorias\">Elsa Oliveira Dias, As compet\u00eancias do terapeuta winnicottiano - 2\u00aa ed.<\/a><\/button><\/dd>\n                                                <dd><button class=\"btn btn-link\" data-bs-dismiss=\"offcanvas\" style=\"border: none; text-align: left; text-decoration: none;\"><a href=\"#ibpw-noticias-editorias\">Elsa Oliveira Dias, A teoria do amadurecimento de D.W. Winnicott - 5\u00aa ed.<\/a><\/button><\/dd>\n                                                <dd><button class=\"btn btn-link\" data-bs-dismiss=\"offcanvas\" style=\"border: none; text-align: left; text-decoration: none;\"><a href=\"#ibpw-noticias-editorias\">Vera de Laurentiis, Corpo e psico-som\u00e1tica em Winnicott - 2\u00aa ed.<\/a><\/button><\/dd>\n                                                <dd><button class=\"btn btn-link\" data-bs-dismiss=\"offcanvas\" style=\"border: none; text-align: left; text-decoration: none;\"><a href=\"#ibpw-noticias-editorias\">Z. Loparic. Kant's Transcendental Semantics<\/a><\/button><\/dd>\n                                                <dd><button class=\"btn btn-link\" data-bs-dismiss=\"offcanvas\" style=\"border: none; text-align: left; text-decoration: none;\"><a href=\"#ibpw-noticias-editorias\">Ricardo Telles de Deus e Alfredo Naffah Neto. Uma visita inesperada: desdobramentos da psican\u00e1lise modificada num caso de esquizofrenia<\/a><\/button><\/dd>\n                                                <dd><button class=\"btn btn-link\" data-bs-dismiss=\"offcanvas\" style=\"border: none; text-align: left; text-decoration: none;\"><a href=\"#ibpw-noticias-editorias\">Instituto Brasileiro de Psican\u00e1lise Winnicottiana, 20 anos de forma\u00e7\u00e3o winnicottiana, 2004-2024<\/a><\/button><\/dd>\n                                                <dd><button class=\"btn btn-link\" data-bs-dismiss=\"offcanvas\" style=\"border: none; text-align: left; text-decoration: none;\"><a href=\"#ibpw-noticias-editorias\">Z. Loparic (Org.), Winnicott no Brasil, 2024<\/a><\/button><\/dd>\n                                            <dt>Not\u00edcias<\/dt>\n                                            <dd><button class=\"btn btn-link\" data-bs-dismiss=\"offcanvas\" style=\"border: none; text-align: left; text-decoration: none;\"><a href=\"#ibpw-noticias\">Elsa Oliveira Dias participa da Serata Scientifica do Instituto Winnicott de Roma<\/a><\/button><\/dd>\n                                <\/div>\n    <\/div>\n    <\/div>\n\t\t\t\t\t\t<\/div>\n\t\t\t\t<\/div>\n\t\t\t\t\t<\/div>\n\t\t<\/div>\n\t\t\t\t<div class=\"elementor-column elementor-col-66 elementor-inner-column elementor-element elementor-element-b3320bc\" data-id=\"b3320bc\" data-element_type=\"column\">\n\t\t\t<div class=\"elementor-widget-wrap elementor-element-populated\">\n\t\t\t\t\t\t<div class=\"elementor-element elementor-element-5ee27b7 elementor-widget elementor-widget-text-editor\" data-id=\"5ee27b7\" data-element_type=\"widget\" data-widget_type=\"text-editor.default\">\n\t\t\t\t<div class=\"elementor-widget-container\">\n\t\t\t\t\t\t\t\t\t<p style=\"text-align: justify;\"><span style=\"color: rgb(0, 0, 0);\">O IBPW, fundado em 2015 por Elsa Oliveira Dias e Zeljko Loparic, \u00e9 o quadro institucional para a continua\u00e7\u00e3o de uma s\u00e9rie ininterrupta e f\u00e9rtil de atividades de ensino, pesquisa e publica\u00e7\u00e3o nas \u00e1reas de estudos winnicottianos e afins, iniciadas pelos seus fundadores, no in\u00edcio dos anos 1990, na Unicamp e na PUC-SP.<\/span><br><\/p>\t\t\t\t\t\t\t\t<\/div>\n\t\t\t\t<\/div>\n\t\t\t\t\t<\/div>\n\t\t<\/div>\n\t\t\t\t\t<\/div>\n\t\t<\/section>\n\t\t\t\t\t<\/div>\n\t\t<\/div>\n\t\t\t\t\t<\/div>\n\t\t<\/section>\n\t\t\t\t<div class=\"elementor-section elementor-top-section elementor-element elementor-element-da71735 div-artigo elementor-section-boxed elementor-section-height-default elementor-section-height-default\" data-id=\"da71735\" data-element_type=\"section\" data-settings=\"{&quot;background_background&quot;:&quot;classic&quot;}\">\n\t\t\t\t\t\t<div class=\"elementor-container elementor-column-gap-default\">\n\t\t\t\t\t<div class=\"elementor-column elementor-col-100 elementor-top-column elementor-element elementor-element-a23f727\" data-id=\"a23f727\" data-element_type=\"column\">\n\t\t\t<div class=\"elementor-widget-wrap elementor-element-populated\">\n\t\t\t\t\t\t<section class=\"elementor-section elementor-inner-section elementor-element elementor-element-c5baff8 elementor-section-boxed elementor-section-height-default elementor-section-height-default\" data-id=\"c5baff8\" data-element_type=\"section\">\n\t\t\t\t\t\t<div class=\"elementor-container elementor-column-gap-default\">\n\t\t\t\t\t<div class=\"elementor-column elementor-col-100 elementor-inner-column elementor-element elementor-element-7e43dc3\" data-id=\"7e43dc3\" data-element_type=\"column\">\n\t\t\t<div class=\"elementor-widget-wrap elementor-element-populated\">\n\t\t\t\t\t\t<div class=\"elementor-element elementor-element-904920c elementor-widget elementor-widget-shortcode\" data-id=\"904920c\" data-element_type=\"widget\" data-widget_type=\"shortcode.default\">\n\t\t\t\t<div class=\"elementor-widget-container\">\n\t\t\t\t\t\t\t<div class=\"elementor-shortcode\">        <div class=\"accordion accordion-boletim\" id=\"accordionExample\">\n            <div class=\"accordion-item\">\n                <button class=\"accordion-button collapsed\" type=\"button\" data-bs-toggle=\"collapse\" data-bs-target=\"#collapse_artigos\" aria-expanded=\"false\" aria-controls=\"collapse_artigos\">\n                    <h2 class=\"accordion-header\" style=\"\n                    color:#C82F3C;\n                    background-color:#ffffff;\n                    padding: 10px;\n                    width: max-content;\n                    font-family: Roboto;\"\n                    id=\"ibpw-artigos\">\n                    Artigos                <\/h2>\n            <\/button>\n            <div id=\"collapse_artigos\" class=\"accordion-collapse collapse\" aria-labelledby=\"ibpw-artigos\" data-bs-parent=\"#accordionExample\">\n                <div class=\"accordion-body\">\n                    <p style=\"text-align: justify;\"><span style=\"font-weight: 400;\">Winnicott vem despertando interesse crescente de um grande n\u00famero de estudiosos, psicanalistas e profissionais da \u00e1rea da sa\u00fade no Brasil e no mundo. A Se\u00e7\u00e3o Artigos da \u00c1rea do BOLETIM WINNICOTT NO BRASIL \u00e9 um espa\u00e7o para divulga\u00e7\u00e3o de textos acad\u00eamicos e cient\u00edficos realizados por pesquisadores do IBPW e convidados, a respeito de amplo espectro de temas, como: 1) a hist\u00f3ria da pesquisa e pr\u00e1tica de Winnicott como pediatra, psicanalista e psiquiatra infantil e a hist\u00f3ria do desenvolvimento de seu pensamento; 2) o estatuto de sua obra nos campos da psican\u00e1lise, pediatria, psiquiatra infantil e outras \u00e1reas da sa\u00fade; 3) os resultados te\u00f3ricos e cl\u00ednicos de sua longa e prof\u00edcua pesquisa e atua\u00e7\u00e3o nas diversas \u00e1reas da sa\u00fade; 4) a an\u00e1lise de seus casos e vinhetas cl\u00ednicas; e 5) a aplicabilidade de sua teoria do amadurecimento e de sua teoria da experi\u00eancia cultural como eixos para reflex\u00e3o sobre temas atuais.\u00a0<\/span><\/p>\n                <\/div>\n            <\/div>\n        <\/div>\n                    <div class=\"container\">\n                <div class=\"row\">\n                    <div class=\"col\">\n                        <a \n                        href=\"https:\/\/boletimwinnicottnobrasil.dwwe.com.br\/edicao2024\/wp-content\/uploads\/sites\/17\/2025\/05\/2024-IBPW-Atigos-O-pleito-de-Winnicott-por-uma-revolucao-em-psicanalise-V06.pdf\"\n                        style=\"text-align: left;\" \n                        class=\"btn link btn-boletim\" \n                        target=\"_blank\"\n                        >\n                        Loparic, Z., O pleito de Winnicott por uma revolu\u00e7\u00e3o em psican\u00e1lise                        <\/a>\n                    <\/div>\n                <\/div>\n            <\/div>\n                    <div class=\"container\">\n                <div class=\"row\">\n                    <div class=\"col\">\n                        <a \n                        href=\"https:\/\/boletimwinnicottnobrasil.dwwe.com.br\/edicao2024\/wp-content\/uploads\/sites\/17\/2024\/10\/2024-IBPW-Atigos-A-historia-de-Winnicott-e-o-cuidado-com-criancas-V01.pdf\"\n                        style=\"text-align: left;\" \n                        class=\"btn link btn-boletim\" \n                        target=\"_blank\"\n                        >\n                        Guizzo, D., A hist\u00f3ria de Winnicott e o cuidado com crian\u00e7as no ambiente da escola maternal                        <\/a>\n                    <\/div>\n                <\/div>\n            <\/div>\n                    <div class=\"container\">\n                <div class=\"row\">\n                    <div class=\"col\">\n                        <a \n                        href=\"https:\/\/boletimwinnicottnobrasil.dwwe.com.br\/edicao2024\/wp-content\/uploads\/sites\/17\/2024\/03\/2024-IBPW-Atigos-Borderline-V01.pdf\"\n                        style=\"text-align: left;\" \n                        class=\"btn link btn-boletim\" \n                        target=\"_blank\"\n                        >\n                        Hammoud, T., Relato da hist\u00f3ria de uma longa jornada em busca de si mesma \u2013 alguns aspectos te\u00f3rico-cl\u00ednicos                        <\/a>\n                    <\/div>\n                <\/div>\n            <\/div>\n                    <div class=\"container\">\n                <div class=\"row\">\n                    <div class=\"col\">\n                        <a \n                        href=\"https:\/\/boletimwinnicottnobrasil.dwwe.com.br\/edicao2024\/wp-content\/uploads\/sites\/17\/2024\/03\/2024-IBPW-Artigos-Maternidade-V01.pdf\"\n                        style=\"text-align: left;\" \n                        class=\"btn link btn-boletim\" \n                        target=\"_blank\"\n                        >\n                        Serralha, C. A., Maternidade: significados e sentidos                        <\/a>\n                    <\/div>\n                <\/div>\n            <\/div>\n            <\/div>\n            <div class=\"accordion accordion-boletim\" id=\"accordionExample\">\n            <div class=\"accordion-item\">\n                <button class=\"accordion-button collapsed\" type=\"button\" data-bs-toggle=\"collapse\" data-bs-target=\"#collapse_dossies\" aria-expanded=\"false\" aria-controls=\"collapse_dossies\">\n                    <h2 class=\"accordion-header\" style=\"\n                    color:#C82F3C;\n                    background-color:#ffffff;\n                    padding: 10px;\n                    width: max-content;\n                    font-family: Roboto;\"\n                    id=\"ibpw-dossies\">\n                    Dossi\u00eas                <\/h2>\n            <\/button>\n            <div id=\"collapse_dossies\" class=\"accordion-collapse collapse\" aria-labelledby=\"ibpw-dossies\" data-bs-parent=\"#accordionExample\">\n                <div class=\"accordion-body\">\n                    <p>Na sess\u00e3o Dossi\u00eas, o Boletim publica conjunto de textos dedicados ao estudo de um tema ou de um autor.<\/p>\n                <\/div>\n            <\/div>\n        <\/div>\n                    <div class=\"container\">\n                <div class=\"row\">\n                    <div class=\"col\">\n                        <a \n                        href=\"https:\/\/boletimwinnicottnobrasil.dwwe.com.br\/edicao2024\/wp-content\/uploads\/sites\/17\/2025\/03\/2024-IBPW-Dossies-Comemoracao-25-anos-NH-01-Apresentacao-V03.pdf\"\n                        style=\"text-align: left;\" \n                        class=\"btn link btn-boletim\" \n                        target=\"_blank\"\n                        >\n                        Dias, M. F., N\u00fa\u00f1ez, E. H. e Ribeiro, C. V. (Orgs.): Dossi\u00ea em comemora\u00e7\u00e3o dos 25 anos da revista Natureza Humana                        <\/a>\n                    <\/div>\n                <\/div>\n            <\/div>\n                    <div class=\"container\">\n                <div class=\"row\">\n                    <div class=\"col\">\n                        <a \n                        href=\"https:\/\/boletimwinnicottnobrasil.dwwe.com.br\/edicao2024\/wp-content\/uploads\/sites\/17\/2025\/01\/00.-Apresentacao_Dossie_V02_limpo.pdf\"\n                        style=\"text-align: left;\" \n                        class=\"btn link btn-boletim\" \n                        target=\"_blank\"\n                        >\n                        Busnardo, A. (org.): Dossi\u00ea em comemora\u00e7\u00e3o aos 10 anos da Forma\u00e7\u00e3o em Psican\u00e1lise Winnicottiana do IBPW em Beijing                        <\/a>\n                    <\/div>\n                <\/div>\n            <\/div>\n                    <div class=\"container\">\n                <div class=\"row\">\n                    <div class=\"col\">\n                        <a \n                        href=\"https:\/\/boletimwinnicottnobrasil.dwwe.com.br\/edicao2024\/wp-content\/uploads\/sites\/17\/2025\/01\/01.-2024-IBPW-Dossies-Campinas-Apresentacao-V07.pdf\"\n                        style=\"text-align: left;\" \n                        class=\"btn link btn-boletim\" \n                        target=\"_blank\"\n                        >\n                        Loparic, Z. (Org.): Dossi\u00ea XVII Col\u00f3quio Winnicott de Campinas - casos cl\u00ednicos de Winnicott                        <\/a>\n                    <\/div>\n                <\/div>\n            <\/div>\n                    <div class=\"container\">\n                <div class=\"row\">\n                    <div class=\"col\">\n                        <a \n                        href=\"https:\/\/boletimwinnicottnobrasil.dwwe.com.br\/edicao2024\/wp-content\/uploads\/sites\/17\/2024\/09\/2024-IBPW-Dossies-Homenagem-Loparic-01-Apresentacao-V02.pdf\"\n                        style=\"text-align: left;\" \n                        class=\"btn link btn-boletim\" \n                        target=\"_blank\"\n                        >\n                        Perez, Daniel O. (org.): Dossi\u00ea de homenagem ao Professor Z. Loparic                        <\/a>\n                    <\/div>\n                <\/div>\n            <\/div>\n                    <div class=\"container\">\n                <div class=\"row\">\n                    <div class=\"col\">\n                        <a \n                        href=\"https:\/\/boletimwinnicottnobrasil.dwwe.com.br\/edicao2024\/wp-content\/uploads\/sites\/17\/2024\/03\/2024-IBPW-Dossies-20-anos-formacao00-Apresentacao-V01.pdf\"\n                        style=\"text-align: left;\" \n                        class=\"btn link btn-boletim\" \n                        target=\"_blank\"\n                        >\n                        Loparic, Z. (org.): Dossi\u00ea 20 anos do Curso de Forma\u00e7\u00e3o Winnicottiana \u2013 2004-2024                        <\/a>\n                    <\/div>\n                <\/div>\n            <\/div>\n            <\/div>\n            <div class=\"accordion accordion-boletim\" id=\"accordionExample\">\n            <div class=\"accordion-item\">\n                <button class=\"accordion-button collapsed\" type=\"button\" data-bs-toggle=\"collapse\" data-bs-target=\"#collapse_resenhas\" aria-expanded=\"false\" aria-controls=\"collapse_resenhas\">\n                    <h2 class=\"accordion-header\" style=\"\n                    color:#C82F3C;\n                    background-color:#ffffff;\n                    padding: 10px;\n                    width: max-content;\n                    font-family: Roboto;\"\n                    id=\"ibpw-resenhas\">\n                    Resenhas                <\/h2>\n            <\/button>\n            <div id=\"collapse_resenhas\" class=\"accordion-collapse collapse\" aria-labelledby=\"ibpw-resenhas\" data-bs-parent=\"#accordionExample\">\n                <div class=\"accordion-body\">\n                    <p style=\"text-align: justify;\">A Se\u00e7\u00e3o Resenhas \u00e9 um espa\u00e7o para divulga\u00e7\u00e3o de an\u00e1lises cr\u00edticas de publica\u00e7\u00f5es de livros de D. W. Winnicott na l\u00edngua portuguesa e de publica\u00e7\u00f5es de outros autores sobre seu pensamento e sua obra. Visamos criar um repert\u00f3rio de reflex\u00f5es sobre 1) a precis\u00e3o e a qualidade das tradu\u00e7\u00f5es; 2) as implica\u00e7\u00f5es te\u00f3ricas da escolha de termos da l\u00edngua portuguesa ou da tradi\u00e7\u00e3o psicanal\u00edtica, para a tradu\u00e7\u00e3o dos conceitos de Winnicott; 3) a qualidade e adequa\u00e7\u00e3o dos textos de apresenta\u00e7\u00e3o em pref\u00e1cios, contracapas e orelhas; 4) a qualidade est\u00e9tica e adequa\u00e7\u00e3o das capas; e 5) o projeto e o trabalho editorial como um todo. No caso de livros de outros autores, a resenha cr\u00edtica se prestar\u00e1 tamb\u00e9m a analisar a precis\u00e3o cient\u00edfica dos textos, com a finalidade de aprimoramento da qualidade das publica\u00e7\u00f5es sobre a teoria e a cl\u00ednica Winnicottiana no Brasil e no mundo.<\/p>\n                <\/div>\n            <\/div>\n        <\/div>\n                    <div class=\"container\">\n                <div class=\"row\">\n                    <div class=\"col\">\n                        <a \n                        href=\"https:\/\/boletimwinnicottnobrasil.dwwe.com.br\/edicao2024\/wp-content\/uploads\/sites\/17\/2025\/01\/IBPW-Resenhas-2024-Bogomoletz-V02.pdf\"\n                        style=\"text-align: left;\" \n                        class=\"btn link btn-boletim\" \n                        target=\"_blank\"\n                        >\n                        Davy Bogomoletz: O fio de Elsa Dias e o labirinto de Winnicott: resenha sobre A teoria do amadurecimento de D. W. Winnicott, de Elsa Oliveira Dias                        <\/a>\n                    <\/div>\n                <\/div>\n            <\/div>\n            <\/div>\n            <div class=\"accordion accordion-boletim\" id=\"accordionExample\">\n            <div class=\"accordion-item\">\n                <button class=\"accordion-button collapsed\" type=\"button\" data-bs-toggle=\"collapse\" data-bs-target=\"#collapse_notas\" aria-expanded=\"false\" aria-controls=\"collapse_notas\">\n                    <h2 class=\"accordion-header\" style=\"\n                    color:#C82F3C;\n                    background-color:#ffffff;\n                    padding: 10px;\n                    width: max-content;\n                    font-family: Roboto;\"\n                    id=\"ibpw-notas\">\n                    Notas                <\/h2>\n            <\/button>\n            <div id=\"collapse_notas\" class=\"accordion-collapse collapse\" aria-labelledby=\"ibpw-notas\" data-bs-parent=\"#accordionExample\">\n                <div class=\"accordion-body\">\n                    <p style=\"text-align: justify;\">A Se\u00e7\u00e3o Notas \u00e9 um espa\u00e7o para divulga\u00e7\u00e3o de textos breves, que esbo\u00e7am ou articulam um conceito, uma tese ou uma teoria no campo de estudos winnicottianos.<\/p>\n                <\/div>\n            <\/div>\n        <\/div>\n                    <div class=\"container\">\n                <div class=\"row\">\n                    <div class=\"col\">\n                        <a \n                        href=\"https:\/\/boletimwinnicottnobrasil.dwwe.com.br\/edicao2024\/wp-content\/uploads\/sites\/17\/2024\/10\/2024-IBPW-Blog-10-Falar-com-V01.pdf\"\n                        style=\"text-align: left;\" \n                        class=\"btn link btn-boletim\" \n                        target=\"_blank\"\n                        >\n                        Soares, F. M. P., \"Falar com\" na cl\u00ednica do holding                        <\/a>\n                    <\/div>\n                <\/div>\n            <\/div>\n                    <div class=\"container\">\n                <div class=\"row\">\n                    <div class=\"col\">\n                        <a \n                        href=\"https:\/\/boletimwinnicottnobrasil.dwwe.com.br\/edicao2024\/wp-content\/uploads\/sites\/17\/2024\/10\/2024-IBPW-Blog-09-Identificacao-cruzada-V01.pdf\"\n                        style=\"text-align: left;\" \n                        class=\"btn link btn-boletim\" \n                        target=\"_blank\"\n                        >\n                        Naffah Neto, A., Identifica\u00e7\u00e3o cruzada                        <\/a>\n                    <\/div>\n                <\/div>\n            <\/div>\n                    <div class=\"container\">\n                <div class=\"row\">\n                    <div class=\"col\">\n                        <a \n                        href=\"https:\/\/boletimwinnicottnobrasil.dwwe.com.br\/edicao2024\/wp-content\/uploads\/sites\/17\/2024\/09\/2024-IBPW-Blog-08-Capacidade-para-identificacao-V01.pdf\"\n                        style=\"text-align: left;\" \n                        class=\"btn link btn-boletim\" \n                        target=\"_blank\"\n                        >\n                        Rates, L. M., A capacidade para identifica\u00e7\u00e3o cruzada                        <\/a>\n                    <\/div>\n                <\/div>\n            <\/div>\n                    <div class=\"container\">\n                <div class=\"row\">\n                    <div class=\"col\">\n                        <a \n                        href=\"https:\/\/boletimwinnicottnobrasil.dwwe.com.br\/edicao2024\/wp-content\/uploads\/sites\/17\/2024\/09\/2024-IBPW-Blog-07-A-criatividade-e-o-brincar-V01.pdf\"\n                        style=\"text-align: left;\" \n                        class=\"btn link btn-boletim\" \n                        target=\"_blank\"\n                        >\n                        Malzyner, M., A criatividade e o brincar                        <\/a>\n                    <\/div>\n                <\/div>\n            <\/div>\n                    <div class=\"container\">\n                <div class=\"row\">\n                    <div class=\"col\">\n                        <a \n                        href=\"https:\/\/boletimwinnicottnobrasil.dwwe.com.br\/edicao2024\/wp-content\/uploads\/sites\/17\/2024\/09\/2024-IBPW-Blog-06-Terapia-de-casal-V01.pdf\"\n                        style=\"text-align: left;\" \n                        class=\"btn link btn-boletim\" \n                        target=\"_blank\"\n                        >\n                        Belo, M. R., Terapia winnicottiana de casal                        <\/a>\n                    <\/div>\n                <\/div>\n            <\/div>\n                    <div class=\"container\">\n                <div class=\"row\">\n                    <div class=\"col\">\n                        <a \n                        href=\"https:\/\/boletimwinnicottnobrasil.dwwe.com.br\/edicao2024\/wp-content\/uploads\/sites\/17\/2024\/09\/2024-IBPW-Blog-05-Bom-lar-comum-V01.pdf\"\n                        style=\"text-align: left;\" \n                        class=\"btn link btn-boletim\" \n                        target=\"_blank\"\n                        >\n                        Pond\u00e9, D. Z. F., O bom lar comum                        <\/a>\n                    <\/div>\n                <\/div>\n            <\/div>\n                    <div class=\"container\">\n                <div class=\"row\">\n                    <div class=\"col\">\n                        <a \n                        href=\"https:\/\/boletimwinnicottnobrasil.dwwe.com.br\/edicao2024\/wp-content\/uploads\/sites\/17\/2024\/09\/2024-IBPW-Blog-04-Angustia-medo-e-paranoia-V01.pdf\"\n                        style=\"text-align: left;\" \n                        class=\"btn link btn-boletim\" \n                        target=\"_blank\"\n                        >\n                        Malzyner, M., Ang\u00fastia, medo e paranoia                        <\/a>\n                    <\/div>\n                <\/div>\n            <\/div>\n                    <div class=\"container\">\n                <div class=\"row\">\n                    <div class=\"col\">\n                        <a \n                        href=\"https:\/\/boletimwinnicottnobrasil.dwwe.com.br\/edicao2024\/wp-content\/uploads\/sites\/17\/2024\/06\/2024-IBPW-Blog-03-A-recepcao-de-Winnicottr-V01.pdf\"\n                        style=\"text-align: left;\" \n                        class=\"btn link btn-boletim\" \n                        target=\"_blank\"\n                        >\n                        Loparic, Z., A recep\u00e7\u00e3o de Winnicott                        <\/a>\n                    <\/div>\n                <\/div>\n            <\/div>\n                    <div class=\"container\">\n                <div class=\"row\">\n                    <div class=\"col\">\n                        <a \n                        href=\"https:\/\/boletimwinnicottnobrasil.dwwe.com.br\/edicao2024\/wp-content\/uploads\/sites\/17\/2024\/06\/2024-IBPW-Blog-02-Envelhecimento-e-capacidade-de-morrer-V01.pdf\"\n                        style=\"text-align: left;\" \n                        class=\"btn link btn-boletim\" \n                        target=\"_blank\"\n                        >\n                        Naffah Neto, A., O envelhecimento e a capacidade de morrer                        <\/a>\n                    <\/div>\n                <\/div>\n            <\/div>\n                    <div class=\"container\">\n                <div class=\"row\">\n                    <div class=\"col\">\n                        <a \n                        href=\"https:\/\/boletimwinnicottnobrasil.dwwe.com.br\/edicao2024\/wp-content\/uploads\/sites\/17\/2024\/04\/IBPW-2027-125-anos-de-Winnicott-V01.pdf\"\n                        style=\"text-align: left;\" \n                        class=\"btn link btn-boletim\" \n                        target=\"_blank\"\n                        >\n                        Dias, E. O., Nota sobre 125 anos do nascimento de Winnicott                        <\/a>\n                    <\/div>\n                <\/div>\n            <\/div>\n            <\/div>\n            <div class=\"accordion accordion-boletim\" id=\"accordionExample\">\n            <div class=\"accordion-item\">\n                <button class=\"accordion-button collapsed\" type=\"button\" data-bs-toggle=\"collapse\" data-bs-target=\"#collapse_comentarios\" aria-expanded=\"false\" aria-controls=\"collapse_comentarios\">\n                    <h2 class=\"accordion-header\" style=\"\n                    color:#C82F3C;\n                    background-color:#ffffff;\n                    padding: 10px;\n                    width: max-content;\n                    font-family: Roboto;\"\n                    id=\"ibpw-comentarios\">\n                    Coment\u00e1rios                <\/h2>\n            <\/button>\n            <div id=\"collapse_comentarios\" class=\"accordion-collapse collapse\" aria-labelledby=\"ibpw-comentarios\" data-bs-parent=\"#accordionExample\">\n                <div class=\"accordion-body\">\n                    <p style=\"text-align: justify;\">A Se\u00e7\u00e3o Coment\u00e1rios \u00e9 um espa\u00e7o para divulga\u00e7\u00e3o de textos breves, propostos como explicita\u00e7\u00f5es e articula\u00e7\u00f5es de conceitos, teses ou teorias no campo de estudos winnicottianos.<\/p>\n                <\/div>\n            <\/div>\n        <\/div>\n                    <div class=\"container\">\n                <div class=\"row\">\n                    <div class=\"col\">\n                        <a \n                        href=\"https:\/\/boletimwinnicottnobrasil.dwwe.com.br\/edicao2024\/wp-content\/uploads\/sites\/17\/2025\/02\/2024-IBPW-Comentarios-Caso-Patrick-V06.pdf\"\n                        style=\"text-align: left;\" \n                        class=\"btn link btn-boletim\" \n                        target=\"_blank\"\n                        >\n                        Loparic, Z. e Rosa, C. D., O caso Patrick - um coment\u00e1rio                        <\/a>\n                    <\/div>\n                <\/div>\n            <\/div>\n            <\/div>\n            <div class=\"accordion accordion-boletim\" id=\"accordionExample\">\n            <div class=\"accordion-item\">\n                <button class=\"accordion-button collapsed\" type=\"button\" data-bs-toggle=\"collapse\" data-bs-target=\"#collapse_discussoes\" aria-expanded=\"false\" aria-controls=\"collapse_discussoes\">\n                    <h2 class=\"accordion-header\" style=\"\n                    color:#C82F3C;\n                    background-color:#ffffff;\n                    padding: 10px;\n                    width: max-content;\n                    font-family: Roboto;\"\n                    id=\"ibpw-discussoes\">\n                    Discuss\u00f5es                <\/h2>\n            <\/button>\n            <div id=\"collapse_discussoes\" class=\"accordion-collapse collapse\" aria-labelledby=\"ibpw-discussoes\" data-bs-parent=\"#accordionExample\">\n                <div class=\"accordion-body\">\n                    <p style=\"text-align: justify;\"><span style=\"font-weight: 400;\">A Se\u00e7\u00e3o Discuss\u00f5es \u00e9 um espa\u00e7o para divulga\u00e7\u00e3o de observa\u00e7\u00f5es cr\u00edticas sobre teses de outros autores ou mesmo sobre as pr\u00f3prias (\u201cautorrevis\u00e3o\u201d ou \u201cretrata\u00e7\u00e3o\u201d), bem como debates entre autores, no campo de estudos winnicottianos.<\/span><\/p>\n                <\/div>\n            <\/div>\n        <\/div>\n            <\/div>\n            <div class=\"accordion accordion-boletim\" id=\"accordionExample\">\n            <div class=\"accordion-item\">\n                <button class=\"accordion-button collapsed\" type=\"button\" data-bs-toggle=\"collapse\" data-bs-target=\"#collapse_entrevistas\" aria-expanded=\"false\" aria-controls=\"collapse_entrevistas\">\n                    <h2 class=\"accordion-header\" style=\"\n                    color:#C82F3C;\n                    background-color:#ffffff;\n                    padding: 10px;\n                    width: max-content;\n                    font-family: Roboto;\"\n                    id=\"ibpw-entrevistas\">\n                    Entrevistas                <\/h2>\n            <\/button>\n            <div id=\"collapse_entrevistas\" class=\"accordion-collapse collapse\" aria-labelledby=\"ibpw-entrevistas\" data-bs-parent=\"#accordionExample\">\n                <div class=\"accordion-body\">\n                    <p style=\"text-align: justify;\">As entrevistas desta Se\u00e7\u00e3o t\u00eam por objetivo dar visibilidade aos trabalhos realizados por pesquisadores winnicottianos que pertencem \u00e0s \u00c1reas cobertas pelo BOLETIM. Elas possibilitar\u00e3o que os leitores conhe\u00e7am suas trajet\u00f3rias intelectuais, resultados e trabalhos em andamento. As entrevistas tamb\u00e9m visam a incentivar novos pesquisadores a se envolverem com esse tipo de atividade intelectual.<\/p>\n                <\/div>\n            <\/div>\n        <\/div>\n                    <div class=\"container\">\n                <div class=\"row\">\n                    <div class=\"col\">\n                        <a \n                        href=\"https:\/\/boletimwinnicottnobrasil.dwwe.com.br\/edicao2024\/wp-content\/uploads\/sites\/17\/2024\/09\/2024-IBPW-Entrevistas-Ricardo-Telles-V02.pdf\"\n                        style=\"text-align: left;\" \n                        class=\"btn link btn-boletim\" \n                        target=\"_blank\"\n                        >\n                        Ricardo Telles: entrevista concedida a Daniela Guizzo (BWB)                        <\/a>\n                    <\/div>\n                <\/div>\n            <\/div>\n                    <div class=\"container\">\n                <div class=\"row\">\n                    <div class=\"col\">\n                        <a \n                        href=\"https:\/\/boletimwinnicottnobrasil.dwwe.com.br\/edicao2024\/wp-content\/uploads\/sites\/17\/2024\/07\/2024-IBPW-Entrevistas-Andre-Martins-V01.pdf\"\n                        style=\"text-align: left;\" \n                        class=\"btn link btn-boletim\" \n                        target=\"_blank\"\n                        >\n                        Andr\u00e9 Martins: entrevista concedida a Daniela Guizzo (BWB)                        <\/a>\n                    <\/div>\n                <\/div>\n            <\/div>\n                    <div class=\"container\">\n                <div class=\"row\">\n                    <div class=\"col\">\n                        <a \n                        href=\"https:\/\/boletimwinnicottnobrasil.dwwe.com.br\/edicao2024\/wp-content\/uploads\/sites\/17\/2024\/07\/2024-IBPW-Entrevistas-Maria-de-Fatima-Dias-V03.pdf\"\n                        style=\"text-align: left;\" \n                        class=\"btn link btn-boletim\" \n                        target=\"_blank\"\n                        >\n                        Maria de F\u00e1tima Dias: entrevista concedida a Daniela Guizzo (BWB)                        <\/a>\n                    <\/div>\n                <\/div>\n            <\/div>\n            <\/div>\n            <div class=\"accordion accordion-boletim\" id=\"accordionExample\">\n            <div class=\"accordion-item\">\n                <button class=\"accordion-button collapsed\" type=\"button\" data-bs-toggle=\"collapse\" data-bs-target=\"#collapse_autobiografias\" aria-expanded=\"false\" aria-controls=\"collapse_autobiografias\">\n                    <h2 class=\"accordion-header\" style=\"\n                    color:#C82F3C;\n                    background-color:#ffffff;\n                    padding: 10px;\n                    width: max-content;\n                    font-family: Roboto;\"\n                    id=\"ibpw-autobiografias\">\n                    Autobiografias                <\/h2>\n            <\/button>\n            <div id=\"collapse_autobiografias\" class=\"accordion-collapse collapse\" aria-labelledby=\"ibpw-autobiografias\" data-bs-parent=\"#accordionExample\">\n                <div class=\"accordion-body\">\n                    <p style=\"text-align: justify;\">Para esta Se\u00e7\u00e3o, aguardamos autobiografias intelectuais, que descrevam linhas de pesquisa, resultados e desenvolvimentos futuros na \u00e1rea de estudos winnicottianos. N\u00e3o ser\u00e3o publicadas autobiografias pessoais, referentes a dados da vida privada, tampouco autobiografias institucionais, apresentando um curr\u00edculo no formato exigido pelas institui\u00e7\u00f5es acad\u00eamicas.<\/p>\n                <\/div>\n            <\/div>\n        <\/div>\n                    <div class=\"container\">\n                <div class=\"row\">\n                    <div class=\"col\">\n                        <a \n                        href=\"https:\/\/boletimwinnicottnobrasil.dwwe.com.br\/edicao2024\/wp-content\/uploads\/sites\/17\/2024\/07\/IBPW-Autobiografia-2024-Andre-V01.pdf\"\n                        style=\"text-align: left;\" \n                        class=\"btn link btn-boletim\" \n                        target=\"_blank\"\n                        >\n                        Andr\u00e9 Martins, autobiografia winnicottiana                        <\/a>\n                    <\/div>\n                <\/div>\n            <\/div>\n                    <div class=\"container\">\n                <div class=\"row\">\n                    <div class=\"col\">\n                        <a \n                        href=\"https:\/\/boletimwinnicottnobrasil.dwwe.com.br\/edicao2024\/wp-content\/uploads\/sites\/17\/2024\/07\/IBPW-Autobiografia-2024-Maria-de-Fatima-Dias-V02.pdf\"\n                        style=\"text-align: left;\" \n                        class=\"btn link btn-boletim\" \n                        target=\"_blank\"\n                        >\n                        Maria de F\u00e1tima Dias, autobiografia winnicottiana                        <\/a>\n                    <\/div>\n                <\/div>\n            <\/div>\n            <\/div>\n            <div class=\"accordion accordion-boletim\" id=\"accordionExample\">\n            <div class=\"accordion-item\">\n                <button class=\"accordion-button collapsed\" type=\"button\" data-bs-toggle=\"collapse\" data-bs-target=\"#collapse_ensino\" aria-expanded=\"false\" aria-controls=\"collapse_ensino\">\n                    <h2 class=\"accordion-header\" style=\"\n                    color:#C82F3C;\n                    background-color:#ffffff;\n                    padding: 10px;\n                    width: max-content;\n                    font-family: Roboto;\"\n                    id=\"ibpw-ensino\">\n                    Ensino                <\/h2>\n            <\/button>\n            <div id=\"collapse_ensino\" class=\"accordion-collapse collapse\" aria-labelledby=\"ibpw-ensino\" data-bs-parent=\"#accordionExample\">\n                <div class=\"accordion-body\">\n                    <p style=\"text-align: justify;\"><span style=\"font-weight: 400;\">Esta Se\u00e7\u00e3o \u00e9 um local para a apresenta\u00e7\u00e3o de cursos, semin\u00e1rios, supervis\u00f5es cl\u00ednicas e outras atividades de ensino desenvolvidas.\u00a0 Pretendemos, dessa forma, fomentar a troca de ideias entre professores e estudiosos de Winnicott e incentivar interessados a se filiarem \u00e0s escolas winnicottianas.\u00a0<\/span><\/p>\n                <\/div>\n            <\/div>\n        <\/div>\n                    <div class=\"container\">\n                <div class=\"row\">\n                    <div class=\"col\">\n                        <a \n                        href=\"https:\/\/boletimwinnicottnobrasil.dwwe.com.br\/edicao2024\/wp-content\/uploads\/sites\/17\/2024\/10\/IBPW-Ensino-2024-Curso-Qualificacao-IBPW-Sacom-V01.pdf\"\n                        style=\"text-align: left;\" \n                        class=\"btn link btn-boletim\" \n                        target=\"_blank\"\n                        >\n                        Curso de Qualifica\u00e7\u00e3o IBPW\/SACOM: Projeto Piloto Heli\u00f3polis                        <\/a>\n                    <\/div>\n                <\/div>\n            <\/div>\n                    <div class=\"container\">\n                <div class=\"row\">\n                    <div class=\"col\">\n                        <a \n                        href=\"https:\/\/boletimwinnicottnobrasil.dwwe.com.br\/edicao2024\/wp-content\/uploads\/sites\/17\/2024\/09\/IBPW-Ensino-2024-Frantz-Fanon-V01.pdf\"\n                        style=\"text-align: left;\" \n                        class=\"btn link btn-boletim\" \n                        target=\"_blank\"\n                        >\n                        Palestra: Frantz Fanon, entre a psiquiatria e a antropologia                        <\/a>\n                    <\/div>\n                <\/div>\n            <\/div>\n                    <div class=\"container\">\n                <div class=\"row\">\n                    <div class=\"col\">\n                        <a \n                        href=\"https:\/\/boletimwinnicottnobrasil.dwwe.com.br\/edicao2024\/wp-content\/uploads\/sites\/17\/2024\/09\/IBPW-Ensino-2024-Agonia-corpo-V01.pdf\"\n                        style=\"text-align: left;\" \n                        class=\"btn link btn-boletim\" \n                        target=\"_blank\"\n                        >\n                        Minicurso: A agonia de um corpo sem contorno - uma poss\u00edvel leitura winnicottiana sobre Daniel Schreber                        <\/a>\n                    <\/div>\n                <\/div>\n            <\/div>\n                    <div class=\"container\">\n                <div class=\"row\">\n                    <div class=\"col\">\n                        <a \n                        href=\"https:\/\/boletimwinnicottnobrasil.dwwe.com.br\/edicao2024\/wp-content\/uploads\/sites\/17\/2024\/09\/IBPW-Ensino-2024-Winnicott-e-a-adolescencia-V02.pdf\"\n                        style=\"text-align: left;\" \n                        class=\"btn link btn-boletim\" \n                        target=\"_blank\"\n                        >\n                        Minicurso: Winnnicott e a adolesc\u00eancia                        <\/a>\n                    <\/div>\n                <\/div>\n            <\/div>\n                    <div class=\"container\">\n                <div class=\"row\">\n                    <div class=\"col\">\n                        <a \n                        href=\"https:\/\/boletimwinnicottnobrasil.dwwe.com.br\/edicao2024\/wp-content\/uploads\/sites\/17\/2024\/03\/IBPW-Ensino-2024-Supervisao-publica-V01.pdf\"\n                        style=\"text-align: left;\" \n                        class=\"btn link btn-boletim\" \n                        target=\"_blank\"\n                        >\n                        Supervis\u00e3o p\u00fablica de caso cl\u00ednico                        <\/a>\n                    <\/div>\n                <\/div>\n            <\/div>\n                    <div class=\"container\">\n                <div class=\"row\">\n                    <div class=\"col\">\n                        <a \n                        href=\"https:\/\/boletimwinnicottnobrasil.dwwe.com.br\/edicao2024\/wp-content\/uploads\/sites\/17\/2024\/03\/IBPW-Ensino-2024-Curso-de-Introducao-V01.pdf\"\n                        style=\"text-align: left;\" \n                        class=\"btn link btn-boletim\" \n                        target=\"_blank\"\n                        >\n                        Curso de Introdu\u00e7\u00e3o \u00e0 Cl\u00ednica Winnicottiana                        <\/a>\n                    <\/div>\n                <\/div>\n            <\/div>\n                    <div class=\"container\">\n                <div class=\"row\">\n                    <div class=\"col\">\n                        <a \n                        href=\"https:\/\/boletimwinnicottnobrasil.dwwe.com.br\/edicao2024\/wp-content\/uploads\/sites\/17\/2024\/03\/IBPW-Ensino-2024-Curso-de-Formacao-winnicottiana-V01.pdf\"\n                        style=\"text-align: left;\" \n                        class=\"btn link btn-boletim\" \n                        target=\"_blank\"\n                        >\n                        Curso de Forma\u00e7\u00e3o Winnicottiana                        <\/a>\n                    <\/div>\n                <\/div>\n            <\/div>\n            <\/div>\n            <div class=\"accordion accordion-boletim\" id=\"accordionExample\">\n            <div class=\"accordion-item\">\n                <button class=\"accordion-button collapsed\" type=\"button\" data-bs-toggle=\"collapse\" data-bs-target=\"#collapse_pesquisa\" aria-expanded=\"false\" aria-controls=\"collapse_pesquisa\">\n                    <h2 class=\"accordion-header\" style=\"\n                    color:#C82F3C;\n                    background-color:#ffffff;\n                    padding: 10px;\n                    width: max-content;\n                    font-family: Roboto;\"\n                    id=\"ibpw-pesquisa\">\n                    Pesquisa                <\/h2>\n            <\/button>\n            <div id=\"collapse_pesquisa\" class=\"accordion-collapse collapse\" aria-labelledby=\"ibpw-pesquisa\" data-bs-parent=\"#accordionExample\">\n                <div class=\"accordion-body\">\n                    <p style=\"text-align: justify;\">A Se\u00e7\u00e3o Pesquisas publicar\u00e1 informa\u00e7\u00f5es sobre pesquisas cient\u00edficas, e culturais de modo do geral, em andamento ou conclu\u00eddas, desenvolvidas em diversos n\u00edveis, tais como projetos de inicia\u00e7\u00e3o cient\u00edfica, disserta\u00e7\u00f5es e relat\u00f3rios de mestrado e doutorado, at\u00e9 resumos de tese e relat\u00f3rios de p\u00f3s-doutorado. Dessa forma, pretendemos fomentar a troca de conhecimentos entre os estudiosos e incentivar que novos pesquisadores se debrucem sobre as obras de Winnicott e as pr\u00e1ticas que ele prop\u00f5e.<\/p>\n                <\/div>\n            <\/div>\n        <\/div>\n                    <div class=\"container\">\n                <div class=\"row\">\n                    <div class=\"col\">\n                        <a \n                        href=\"https:\/\/boletimwinnicottnobrasil.dwwe.com.br\/edicao2024\/wp-content\/uploads\/sites\/17\/2024\/12\/IBPW-Pesquisas-2024-Seminario-Revolucao-Winnicottiana-1S-V06.pdf\"\n                        style=\"text-align: left;\" \n                        class=\"btn link btn-boletim\" \n                        target=\"_blank\"\n                        >\n                        Loparic, Z.: Semin\u00e1rio de pesquisa sobre a revolu\u00e7\u00e3o winnicottiana                        <\/a>\n                    <\/div>\n                <\/div>\n            <\/div>\n            <\/div>\n            <div class=\"accordion accordion-boletim\" id=\"accordionExample\">\n            <div class=\"accordion-item\">\n                <button class=\"accordion-button collapsed\" type=\"button\" data-bs-toggle=\"collapse\" data-bs-target=\"#collapse_eventos\" aria-expanded=\"false\" aria-controls=\"collapse_eventos\">\n                    <h2 class=\"accordion-header\" style=\"\n                    color:#C82F3C;\n                    background-color:#ffffff;\n                    padding: 10px;\n                    width: max-content;\n                    font-family: Roboto;\"\n                    id=\"ibpw-eventos\">\n                    Eventos                <\/h2>\n            <\/button>\n            <div id=\"collapse_eventos\" class=\"accordion-collapse collapse\" aria-labelledby=\"ibpw-eventos\" data-bs-parent=\"#accordionExample\">\n                <div class=\"accordion-body\">\n                    <p style=\"text-align: justify;\"><span style=\"font-weight: 400;\">Nesta Se\u00e7\u00e3o do BOLETIM, divulgaremos as programa\u00e7\u00f5es, com os respectivos sites para inscri\u00e7\u00f5es e mais informa\u00e7\u00f5es, tanto de eventos j\u00e1 realizados como de futuros (col\u00f3quios, congressos, jornadas, encontros, cursos, grupos de estudos, palestras etc.), promovidos por institui\u00e7\u00f5es winnicottianas. Divulgaremos, ainda, not\u00edcias sobre todas as outras atividades relevantes relacionadas ao pensamento de Winnicott. Este tamb\u00e9m ser\u00e1 um espa\u00e7o para a publica\u00e7\u00e3o de pequenos textos de colaboradores e organizadores desses eventos.<\/span><\/p>\n                <\/div>\n            <\/div>\n        <\/div>\n                    <div class=\"container\">\n                <div class=\"row\">\n                    <div class=\"col\">\n                        <a \n                        href=\"https:\/\/boletimwinnicottnobrasil.dwwe.com.br\/edicao2024\/wp-content\/uploads\/sites\/17\/2025\/01\/IBPW-Eventos-2024-China-10-anos.pdf\"\n                        style=\"text-align: left;\" \n                        class=\"btn link btn-boletim\" \n                        target=\"_blank\"\n                        >\n                        Comemora\u00e7\u00e3o de 10 anos de Forma\u00e7\u00e3o em Psican\u00e1lise winnicottiana do IBPW em Beijing                        <\/a>\n                    <\/div>\n                <\/div>\n            <\/div>\n                    <div class=\"container\">\n                <div class=\"row\">\n                    <div class=\"col\">\n                        <button type=\"button \" style=\"text-align: left;\" class=\"link btn-boletim\" data-bs-toggle=\"modal\" data-bs-target=\"#modalJuice4688\">XVII Col\u00f3quio de Campinas: Casos cl\u00ednicos de Winnicott<\/button>\n                    <\/div>\n                <\/div>\n            <\/div>\n            <div class=\"modal fade\" id=\"modalJuice4688\" tabindex=\"-1\" aria-labelledby=\"modalJuice4688Label\" aria-hidden=\"true\">\n                <div class=\"modal-dialog modal-lg modal-dialog-centered modal-dialog-scrollable\">\n                    <div class=\"modal-content\">\n                        <div class=\"modal-header\">\n                            <!--<h5 class=\"modal-title\">XVII Col\u00f3quio de Campinas: Casos cl\u00ednicos de Winnicott<\/h5>-->\n                            <button type=\"button\" class=\"btn-close\" data-bs-dismiss=\"modal\" aria-label=\"Close\"><\/button>\n                        <\/div>\n                        <div class=\"modal-body\">\n                                                    <\/div>\n                    <\/div>\n                <\/div>\n            <\/div>\n                        <div class=\"container\">\n                <div class=\"row\">\n                    <div class=\"col\">\n                        <a \n                        href=\"https:\/\/boletimwinnicottnobrasil.dwwe.com.br\/edicao2024\/wp-content\/uploads\/sites\/17\/2025\/01\/IBPW-Eventos-2024-25-anos-NH.pdf\"\n                        style=\"text-align: left;\" \n                        class=\"btn link btn-boletim\" \n                        target=\"_blank\"\n                        >\n                        Comemora\u00e7\u00e3o de 25 anos da revista Natureza Humana                        <\/a>\n                    <\/div>\n                <\/div>\n            <\/div>\n                    <div class=\"container\">\n                <div class=\"row\">\n                    <div class=\"col\">\n                        <a \n                        href=\"https:\/\/boletimwinnicottnobrasil.dwwe.com.br\/edicao2024\/wp-content\/uploads\/sites\/17\/2025\/01\/IBPW-Eventos-2024-40-anos-FFPP-V03.pdf\"\n                        style=\"text-align: left;\" \n                        class=\"btn link btn-boletim\" \n                        target=\"_blank\"\n                        >\n                        Col\u00f3quio do Centro de L\u00f3gica, Epistemologia e Hist\u00f3ria da Ci\u00eancia - 40 anos de Filosofia da Psican\u00e1lise no Brasil                        <\/a>\n                    <\/div>\n                <\/div>\n            <\/div>\n                    <div class=\"container\">\n                <div class=\"row\">\n                    <div class=\"col\">\n                        <a \n                        href=\"https:\/\/boletimwinnicottnobrasil.dwwe.com.br\/edicao2024\/wp-content\/uploads\/sites\/17\/2025\/01\/IBPW-Eventos-2024-Jornada-educacao-V02.pdf\"\n                        style=\"text-align: left;\" \n                        class=\"btn link btn-boletim\" \n                        target=\"_blank\"\n                        >\n                        I Jornada Winnicott e a Educa\u00e7\u00e3o - Contribui\u00e7\u00f5es para a psicologia escolar e educacional                        <\/a>\n                    <\/div>\n                <\/div>\n            <\/div>\n                    <div class=\"container\">\n                <div class=\"row\">\n                    <div class=\"col\">\n                        <a \n                        href=\"https:\/\/boletimwinnicottnobrasil.dwwe.com.br\/edicao2024\/wp-content\/uploads\/sites\/17\/2025\/01\/IBPW-Eventos-2024-XXVIII-Coloquio-Winnicott-Internacional-V03.pdf\"\n                        style=\"text-align: left;\" \n                        class=\"btn link btn-boletim\" \n                        target=\"_blank\"\n                        >\n                        XXVIII Col\u00f3quio Winnicott Internacional - Identidades                        <\/a>\n                    <\/div>\n                <\/div>\n            <\/div>\n                    <div class=\"container\">\n                <div class=\"row\">\n                    <div class=\"col\">\n                        <a \n                        href=\"https:\/\/boletimwinnicottnobrasil.dwwe.com.br\/edicao2024\/wp-content\/uploads\/sites\/17\/2025\/01\/IBPW-Eventos-2024-Antropologia.pdf\"\n                        style=\"text-align: left;\" \n                        class=\"btn link btn-boletim\" \n                        target=\"_blank\"\n                        >\n                        Mini Col\u00f3quio Antropologia filos\u00f3fica e Antropologia psiqui\u00e1trica                        <\/a>\n                    <\/div>\n                <\/div>\n            <\/div>\n                    <div class=\"container\">\n                <div class=\"row\">\n                    <div class=\"col\">\n                        <a \n                        href=\"https:\/\/boletimwinnicottnobrasil.dwwe.com.br\/edicao2024\/wp-content\/uploads\/sites\/17\/2025\/01\/IBPW-Eventos-2024-Kant-V03.pdf\"\n                        style=\"text-align: left;\" \n                        class=\"btn link btn-boletim\" \n                        target=\"_blank\"\n                        >\n                        XXI Col\u00f3quio Kant - Interpreta\u00e7\u00e3o sem\u00e2ntica de Kant                        <\/a>\n                    <\/div>\n                <\/div>\n            <\/div>\n                    <div class=\"container\">\n                <div class=\"row\">\n                    <div class=\"col\">\n                        <a \n                        href=\"https:\/\/boletimwinnicottnobrasil.dwwe.com.br\/edicao2024\/wp-content\/uploads\/sites\/17\/2025\/01\/IBPW-Eventos-2024-Supervisao.pdf\"\n                        style=\"text-align: left;\" \n                        class=\"btn link btn-boletim\" \n                        target=\"_blank\"\n                        >\n                        Supervis\u00e3o p\u00fablica de caso cl\u00ednico                        <\/a>\n                    <\/div>\n                <\/div>\n            <\/div>\n                    <div class=\"container\">\n                <div class=\"row\">\n                    <div class=\"col\">\n                        <a \n                        href=\"https:\/\/boletimwinnicottnobrasil.dwwe.com.br\/edicao2024\/wp-content\/uploads\/sites\/17\/2024\/03\/IBPW-Eventos-2024-VI-Jornada-Pediatria-V01.pdf\"\n                        style=\"text-align: left;\" \n                        class=\"btn link btn-boletim\" \n                        target=\"_blank\"\n                        >\n                        VII Jornada Winnicott e a Pediatria \u2013 O pediatra winnicottiano                        <\/a>\n                    <\/div>\n                <\/div>\n            <\/div>\n            <\/div>\n            <div class=\"accordion accordion-boletim\" id=\"accordionExample\">\n            <div class=\"accordion-item\">\n                <button class=\"accordion-button collapsed\" type=\"button\" data-bs-toggle=\"collapse\" data-bs-target=\"#collapse_noticias-editorias\" aria-expanded=\"false\" aria-controls=\"collapse_noticias-editorias\">\n                    <h2 class=\"accordion-header\" style=\"\n                    color:#C82F3C;\n                    background-color:#ffffff;\n                    padding: 10px;\n                    width: max-content;\n                    font-family: Roboto;\"\n                    id=\"ibpw-noticias-editorias\">\n                    Not\u00edcias Editoriais                <\/h2>\n            <\/button>\n            <div id=\"collapse_noticias-editorias\" class=\"accordion-collapse collapse\" aria-labelledby=\"ibpw-noticias-editorias\" data-bs-parent=\"#accordionExample\">\n                <div class=\"accordion-body\">\n                    <p style=\"text-align: justify;\">Esta Se\u00e7\u00e3o \u00e9 reservada \u00e0 elabora\u00e7\u00e3o de resenhas informativas sobre novas tradu\u00e7\u00f5es e reedi\u00e7\u00f5es das obras de Winnicott, bem como sobre obras rec\u00e9m-publicadas, no Brasil e no exterior, que tenham como tema a teoria e a cl\u00ednica winnicottianas. O objetivo principal \u00e9 acompanhar e divulgar a produ\u00e7\u00e3o editorial e acad\u00eamica nesse campo, oferecendo uma descri\u00e7\u00e3o geral do conte\u00fado e apresentando seus autores.<\/p>\n                <\/div>\n            <\/div>\n        <\/div>\n                    <div class=\"container\">\n                <div class=\"row\">\n                    <div class=\"col\">\n                        <a \n                        href=\"https:\/\/boletimwinnicottnobrasil.dwwe.com.br\/edicao2024\/wp-content\/uploads\/sites\/17\/2025\/02\/IBPW-Noticias-Editoriais-2024-Competencias-V01.pdf\"\n                        style=\"text-align: left;\" \n                        class=\"btn link btn-boletim\" \n                        target=\"_blank\"\n                        >\n                        Elsa Oliveira Dias, As compet\u00eancias do terapeuta winnicottiano - 2\u00aa ed.                        <\/a>\n                    <\/div>\n                <\/div>\n            <\/div>\n                    <div class=\"container\">\n                <div class=\"row\">\n                    <div class=\"col\">\n                        <a \n                        href=\"https:\/\/boletimwinnicottnobrasil.dwwe.com.br\/edicao2024\/wp-content\/uploads\/sites\/17\/2025\/02\/IBPW-Noticias-Editoriais-2024-Teoria-do-amadurecimento-V01.pdf\"\n                        style=\"text-align: left;\" \n                        class=\"btn link btn-boletim\" \n                        target=\"_blank\"\n                        >\n                        Elsa Oliveira Dias, A teoria do amadurecimento de D.W. Winnicott - 5\u00aa ed.                        <\/a>\n                    <\/div>\n                <\/div>\n            <\/div>\n                    <div class=\"container\">\n                <div class=\"row\">\n                    <div class=\"col\">\n                        <a \n                        href=\"https:\/\/boletimwinnicottnobrasil.dwwe.com.br\/edicao2024\/wp-content\/uploads\/sites\/17\/2025\/02\/IBPW-Noticias-Editoriais-2024-Vera-de-Laurentiis-V01.pdf\"\n                        style=\"text-align: left;\" \n                        class=\"btn link btn-boletim\" \n                        target=\"_blank\"\n                        >\n                        Vera de Laurentiis, Corpo e psico-som\u00e1tica em Winnicott - 2\u00aa ed.                        <\/a>\n                    <\/div>\n                <\/div>\n            <\/div>\n                    <div class=\"container\">\n                <div class=\"row\">\n                    <div class=\"col\">\n                        <a \n                        href=\"https:\/\/boletimwinnicottnobrasil.dwwe.com.br\/edicao2024\/wp-content\/uploads\/sites\/17\/2024\/11\/IBPW-Noticias-Editoriais-2024-Loparic-Kant-V01.pdf\"\n                        style=\"text-align: left;\" \n                        class=\"btn link btn-boletim\" \n                        target=\"_blank\"\n                        >\n                        Z. Loparic. Kant's Transcendental Semantics                        <\/a>\n                    <\/div>\n                <\/div>\n            <\/div>\n                    <div class=\"container\">\n                <div class=\"row\">\n                    <div class=\"col\">\n                        <a \n                        href=\"https:\/\/boletimwinnicottnobrasil.dwwe.com.br\/edicao2024\/wp-content\/uploads\/sites\/17\/2024\/09\/IBPW-Noticias-Editoriais-2024-Ricardo-Telles-visita-inesperada-V01.pdf\"\n                        style=\"text-align: left;\" \n                        class=\"btn link btn-boletim\" \n                        target=\"_blank\"\n                        >\n                        Ricardo Telles de Deus e Alfredo Naffah Neto. Uma visita inesperada: desdobramentos da psican\u00e1lise modificada num caso de esquizofrenia                        <\/a>\n                    <\/div>\n                <\/div>\n            <\/div>\n                    <div class=\"container\">\n                <div class=\"row\">\n                    <div class=\"col\">\n                        <a \n                        href=\"https:\/\/boletimwinnicottnobrasil.dwwe.com.br\/edicao2024\/wp-content\/uploads\/sites\/17\/2024\/09\/IBPW-Noticias-Editoriais-2024-20-anos-de-formacao-V01.pdf\"\n                        style=\"text-align: left;\" \n                        class=\"btn link btn-boletim\" \n                        target=\"_blank\"\n                        >\n                        Instituto Brasileiro de Psican\u00e1lise Winnicottiana, 20 anos de forma\u00e7\u00e3o winnicottiana, 2004-2024                        <\/a>\n                    <\/div>\n                <\/div>\n            <\/div>\n                    <div class=\"container\">\n                <div class=\"row\">\n                    <div class=\"col\">\n                        <a \n                        href=\"https:\/\/boletimwinnicottnobrasil.dwwe.com.br\/edicao2024\/wp-content\/uploads\/sites\/17\/2024\/09\/IBPW-Noticias-Editoriais-2024-Winnicott-no-Brasil-2023-V01.pdf\"\n                        style=\"text-align: left;\" \n                        class=\"btn link btn-boletim\" \n                        target=\"_blank\"\n                        >\n                        Z. Loparic (Org.), Winnicott no Brasil, 2024                        <\/a>\n                    <\/div>\n                <\/div>\n            <\/div>\n            <\/div>\n            <div class=\"accordion accordion-boletim\" id=\"accordionExample\">\n            <div class=\"accordion-item\">\n                <button class=\"accordion-button collapsed\" type=\"button\" data-bs-toggle=\"collapse\" data-bs-target=\"#collapse_noticias\" aria-expanded=\"false\" aria-controls=\"collapse_noticias\">\n                    <h2 class=\"accordion-header\" style=\"\n                    color:#C82F3C;\n                    background-color:#ffffff;\n                    padding: 10px;\n                    width: max-content;\n                    font-family: Roboto;\"\n                    id=\"ibpw-noticias\">\n                    Not\u00edcias                <\/h2>\n            <\/button>\n            <div id=\"collapse_noticias\" class=\"accordion-collapse collapse\" aria-labelledby=\"ibpw-noticias\" data-bs-parent=\"#accordionExample\">\n                <div class=\"accordion-body\">\n                    <p style=\"text-align: justify;\"><span style=\"font-weight: 400;\">Na Se\u00e7\u00e3o Not\u00edcias, o leitor encontrar\u00e1 informa\u00e7\u00f5es sobre os grupos winnicottianos listados neste BOLETIM que n\u00e3o s\u00e3o divulgadas em outras se\u00e7\u00f5es.\u00a0<\/span><\/p>\n                <\/div>\n            <\/div>\n        <\/div>\n                    <div class=\"container\">\n                <div class=\"row\">\n                    <div class=\"col\">\n                        <a \n                        href=\"https:\/\/boletimwinnicottnobrasil.dwwe.com.br\/edicao2024\/wp-content\/uploads\/sites\/17\/2024\/10\/IBPW-Noticias-2024-Dra-Elsa-Serata-V01.pdf\"\n                        style=\"text-align: left;\" \n                        class=\"btn link btn-boletim\" \n                        target=\"_blank\"\n                        >\n                        Elsa Oliveira Dias participa da Serata Scientifica do Instituto Winnicott de Roma                        <\/a>\n                    <\/div>\n                <\/div>\n            <\/div>\n            <\/div>\n            <div class=\"accordion accordion-boletim\" id=\"accordionExample\">\n            <div class=\"accordion-item\">\n                <button class=\"accordion-button collapsed\" type=\"button\" data-bs-toggle=\"collapse\" data-bs-target=\"#collapse_cartas\" aria-expanded=\"false\" aria-controls=\"collapse_cartas\">\n                    <h2 class=\"accordion-header\" style=\"\n                    color:#C82F3C;\n                    background-color:#ffffff;\n                    padding: 10px;\n                    width: max-content;\n                    font-family: Roboto;\"\n                    id=\"ibpw-cartas\">\n                    Cartas                <\/h2>\n            <\/button>\n            <div id=\"collapse_cartas\" class=\"accordion-collapse collapse\" aria-labelledby=\"ibpw-cartas\" data-bs-parent=\"#accordionExample\">\n                <div class=\"accordion-body\">\n                    <p style=\"text-align: justify;\">Nesta Se\u00e7\u00e3o, prevemos a publica\u00e7\u00e3o de cartas selecionadas, dirigidas ao BOLETIM, que ser\u00e3o respondidas e comentadas pelos editores.<\/p>\n                <\/div>\n            <\/div>\n        <\/div>\n            <\/div>\n            <div class=\"accordion accordion-boletim\" id=\"accordionExample\">\n            <div class=\"accordion-item\">\n                <button class=\"accordion-button collapsed\" type=\"button\" data-bs-toggle=\"collapse\" data-bs-target=\"#collapse_publicacoes\" aria-expanded=\"false\" aria-controls=\"collapse_publicacoes\">\n                    <h2 class=\"accordion-header\" style=\"\n                    color:#C82F3C;\n                    background-color:#ffffff;\n                    padding: 10px;\n                    width: max-content;\n                    font-family: Roboto;\"\n                    id=\"ibpw-publicacoes\">\n                    Publica\u00e7\u00f5es                <\/h2>\n            <\/button>\n            <div id=\"collapse_publicacoes\" class=\"accordion-collapse collapse\" aria-labelledby=\"ibpw-publicacoes\" data-bs-parent=\"#accordionExample\">\n                <div class=\"accordion-body\">\n                    <p style=\"text-align: justify;\"><span style=\"font-weight: 400;\">Nesta sess\u00e3o do \u00cdndice do BOLETIM, faremos o levantamento de todas as publica\u00e7\u00f5es (incluindo as de car\u00e1ter acad\u00eamico, como disserta\u00e7\u00f5es e teses) de e sobre Winnicott, realizadas por alguma das institui\u00e7\u00f5es das \u00c1reas que seguimos a partir de 2022.<\/span><\/p>\n                <\/div>\n            <\/div>\n        <\/div>\n            <\/div>\n    <\/div>\n\t\t\t\t\t\t<\/div>\n\t\t\t\t<\/div>\n\t\t\t\t\t<\/div>\n\t\t<\/div>\n\t\t\t\t\t<\/div>\n\t\t<\/section>\n\t\t\t\t<div class=\"elementor-element elementor-element-3aa19e5 elementor-widget elementor-widget-spacer\" data-id=\"3aa19e5\" data-element_type=\"widget\" data-widget_type=\"spacer.default\">\n\t\t\t\t<div class=\"elementor-widget-container\">\n\t\t\t\t\t\t\t<div class=\"elementor-spacer\">\n\t\t\t<div class=\"elementor-spacer-inner\"><\/div>\n\t\t<\/div>\n\t\t\t\t\t\t<\/div>\n\t\t\t\t<\/div>\n\t\t\t\t\t<\/div>\n\t\t<\/div>\n\t\t\t\t\t<\/div>\n\t\t<\/div>\n\t\t\t\t<\/div>\n\t\t","protected":false},"excerpt":{"rendered":"<p>O IBPW, fundado em 2015 por Elsa Oliveira Dias e Zeljko Loparic, \u00e9 o quadro institucional para a continua\u00e7\u00e3o de uma s\u00e9rie ininterrupta e f\u00e9rtil de atividades de ensino, pesquisa e publica\u00e7\u00e3o nas \u00e1reas de estudos winnicottianos e afins, iniciadas pelos seus fundadores, no in\u00edcio dos anos 1990, na Unicamp e na PUC-SP.<\/p>\n","protected":false},"author":1,"featured_media":4753,"parent":0,"menu_order":0,"comment_status":"closed","ping_status":"closed","template":"","meta":{"_acf_changed":false,"footnotes":""},"class_list":["post-434","page","type-page","status-publish","has-post-thumbnail","hentry"],"acf":[],"_links":{"self":[{"href":"https:\/\/boletimwinnicottnobrasil.dwwe.com.br\/edicao2024\/wp-json\/wp\/v2\/pages\/434","targetHints":{"allow":["GET"]}}],"collection":[{"href":"https:\/\/boletimwinnicottnobrasil.dwwe.com.br\/edicao2024\/wp-json\/wp\/v2\/pages"}],"about":[{"href":"https:\/\/boletimwinnicottnobrasil.dwwe.com.br\/edicao2024\/wp-json\/wp\/v2\/types\/page"}],"author":[{"embeddable":true,"href":"https:\/\/boletimwinnicottnobrasil.dwwe.com.br\/edicao2024\/wp-json\/wp\/v2\/users\/1"}],"replies":[{"embeddable":true,"href":"https:\/\/boletimwinnicottnobrasil.dwwe.com.br\/edicao2024\/wp-json\/wp\/v2\/comments?post=434"}],"version-history":[{"count":3,"href":"https:\/\/boletimwinnicottnobrasil.dwwe.com.br\/edicao2024\/wp-json\/wp\/v2\/pages\/434\/revisions"}],"predecessor-version":[{"id":4760,"href":"https:\/\/boletimwinnicottnobrasil.dwwe.com.br\/edicao2024\/wp-json\/wp\/v2\/pages\/434\/revisions\/4760"}],"wp:featuredmedia":[{"embeddable":true,"href":"https:\/\/boletimwinnicottnobrasil.dwwe.com.br\/edicao2024\/wp-json\/wp\/v2\/media\/4753"}],"wp:attachment":[{"href":"https:\/\/boletimwinnicottnobrasil.dwwe.com.br\/edicao2024\/wp-json\/wp\/v2\/media?parent=434"}],"curies":[{"name":"wp","href":"https:\/\/api.w.org\/{rel}","templated":true}]}}